{"id":301,"date":"2018-09-03T12:56:25","date_gmt":"2018-09-03T12:56:25","guid":{"rendered":"https:\/\/demo.gloriathemes.com\/luxe\/demo\/?page_id=301"},"modified":"2021-02-04T17:13:15","modified_gmt":"2021-02-04T20:13:15","slug":"servicos","status":"publish","type":"page","link":"https:\/\/www.transreallogistica.com.br\/?page_id=301","title":{"rendered":"Servi\u00e7os"},"content":{"rendered":"<p>[vc_row full_width=&#8221;stretch_row&#8221; full_height=&#8221;yes&#8221; content_placement=&#8221;middle&#8221; colored-background-opacity=&#8221;gt-row-opacity-colored&#8221; css=&#8221;.vc_custom_1612469593531{background: #3b0f62 url(http:\/\/www.transreallogistica.com.br\/wp-content\/uploads\/2020\/07\/img_servicos-min-2.jpg?id=3096) !important;background-position: center !important;background-repeat: no-repeat !important;background-size: cover !important;}&#8221;][vc_column width=&#8221;1\/2&#8243;][vc_empty_space height=&#8221;120px&#8221;]<div class=\"gt-page-heading gt-light gt-left\"><div class=\"gt-line\"><\/div><span>Servi\u00e7os<\/span><h1>Efici\u00eancia em Transporte &amp; Log\u00edstica<\/h1><\/div>[vc_empty_space height=&#8221;120px&#8221;][\/vc_column][vc_column width=&#8221;1\/2&#8243;][vc_empty_space height=&#8221;120px&#8221;][vc_column_text]<span style=\"color: #ffffff;\">Uma empresa moderna e bem estruturada, que conta com colaboradores e gestores tecnicamente capacitados para contribuir com a gera\u00e7\u00e3o de resultados para seus clientes. As equipes det\u00eam conhecimentos s\u00f3lidos sobre as atividades Log\u00edsticas e como estas influenciam nas opera\u00e7\u00f5es empresariais.<\/span>[\/vc_column_text][vc_empty_space height=&#8221;120px&#8221;][\/vc_column][\/vc_row][vc_row][vc_column][vc_empty_space height=&#8221;120px&#8221;]<div class=\"gt-project-list gt-style-2 gt-columns gt-column-1 gt-opacity-effect-true\"><div class=\"gt-item gt-col\"><div class=\"gt-img\"><a href=\"https:\/\/www.transreallogistica.com.br\/?project=cargas-fracionadas\"><img width=\"750\" height=\"750\" class=\"attachment-luxe-project-2 size-luxe-project-2 gt-lazy-load wp-post-image\" alt=\"\" data-src=\"https:\/\/www.transreallogistica.com.br\/wp-content\/uploads\/2018\/01\/foto-cargas-fracionadas-750x750.jpg\" data-srcset=\"https:\/\/www.transreallogistica.com.br\/wp-content\/uploads\/2018\/01\/foto-cargas-fracionadas-750x750.jpg 750w, https:\/\/www.transreallogistica.com.br\/wp-content\/uploads\/2018\/01\/foto-cargas-fracionadas-300x300.jpg 300w, https:\/\/www.transreallogistica.com.br\/wp-content\/uploads\/2018\/01\/foto-cargas-fracionadas-150x150.jpg 150w, https:\/\/www.transreallogistica.com.br\/wp-content\/uploads\/2018\/01\/foto-cargas-fracionadas-768x768.jpg 768w, https:\/\/www.transreallogistica.com.br\/wp-content\/uploads\/2018\/01\/foto-cargas-fracionadas-555x555.jpg 555w, https:\/\/www.transreallogistica.com.br\/wp-content\/uploads\/2018\/01\/foto-cargas-fracionadas-540x540.jpg 540w, https:\/\/www.transreallogistica.com.br\/wp-content\/uploads\/2018\/01\/foto-cargas-fracionadas-800x800.jpg 800w, https:\/\/www.transreallogistica.com.br\/wp-content\/uploads\/2018\/01\/foto-cargas-fracionadas-65x65.jpg 65w, https:\/\/www.transreallogistica.com.br\/wp-content\/uploads\/2018\/01\/foto-cargas-fracionadas-350x350.jpg 350w, https:\/\/www.transreallogistica.com.br\/wp-content\/uploads\/2018\/01\/foto-cargas-fracionadas-650x650.jpg 650w, https:\/\/www.transreallogistica.com.br\/wp-content\/uploads\/2018\/01\/foto-cargas-fracionadas.jpg 960w\" data-sizes=\"(max-width: 750px) 100vw, 750px\" \/><div class=\"gt-overlay\"><div class=\"gt-overlay-color\"><\/div><div class=\"gt-overlay-icon\"><svg xmlns=\"http:\/\/www.w3.org\/2000\/svg\" width=\"24\" height=\"24\" viewBox=\"0 0 24 24\" fill=\"none\" stroke=\"currentColor\" stroke-width=\"1\" stroke-linecap=\"round\" stroke-linejoin=\"round\" class=\"feather feather-arrow-right\"><line x1=\"5\" y1=\"12\" x2=\"19\" y2=\"12\"><\/line><polyline points=\"12 5 19 12 12 19\"><\/polyline><\/svg><\/div><\/div><\/a><\/div><div class=\"gt-content\"><div class=\"gt-line\"><\/div><h3 class=\"gt-title\"><a href=\"https:\/\/www.transreallogistica.com.br\/?project=cargas-fracionadas\">Cargas Fracionadas<\/a><\/h3><p class=\"gt-excerpt\">Atendimento a clientes diversos para remessa e transporte de cargas fracionadas, oferecendo rotas de coleta e entrega, centros de consolida\u00e7\u00e3o, transbordo e rotas de transfer\u00eancias, efetuando os processos de coleta e entregas com confiabilidade.<\/p><ul class=\"gt-cat\"><li><a href=\"https:\/\/www.transreallogistica.com.br\/?project-category=_\">_<\/a><\/li><\/ul><\/div><\/div><div class=\"gt-item gt-col\"><div class=\"gt-img\"><a href=\"https:\/\/www.transreallogistica.com.br\/?project=cargas-refrigeradas\"><img width=\"750\" height=\"750\" class=\"attachment-luxe-project-2 size-luxe-project-2 gt-lazy-load wp-post-image\" alt=\"\" data-src=\"https:\/\/www.transreallogistica.com.br\/wp-content\/uploads\/2020\/06\/foto-cargas-refrigeradas-750x750.jpg\" data-srcset=\"https:\/\/www.transreallogistica.com.br\/wp-content\/uploads\/2020\/06\/foto-cargas-refrigeradas-750x750.jpg 750w, https:\/\/www.transreallogistica.com.br\/wp-content\/uploads\/2020\/06\/foto-cargas-refrigeradas-300x300.jpg 300w, https:\/\/www.transreallogistica.com.br\/wp-content\/uploads\/2020\/06\/foto-cargas-refrigeradas-150x150.jpg 150w, https:\/\/www.transreallogistica.com.br\/wp-content\/uploads\/2020\/06\/foto-cargas-refrigeradas-768x768.jpg 768w, https:\/\/www.transreallogistica.com.br\/wp-content\/uploads\/2020\/06\/foto-cargas-refrigeradas-555x555.jpg 555w, https:\/\/www.transreallogistica.com.br\/wp-content\/uploads\/2020\/06\/foto-cargas-refrigeradas-540x540.jpg 540w, https:\/\/www.transreallogistica.com.br\/wp-content\/uploads\/2020\/06\/foto-cargas-refrigeradas-800x800.jpg 800w, https:\/\/www.transreallogistica.com.br\/wp-content\/uploads\/2020\/06\/foto-cargas-refrigeradas-65x65.jpg 65w, https:\/\/www.transreallogistica.com.br\/wp-content\/uploads\/2020\/06\/foto-cargas-refrigeradas-350x350.jpg 350w, https:\/\/www.transreallogistica.com.br\/wp-content\/uploads\/2020\/06\/foto-cargas-refrigeradas-650x650.jpg 650w, https:\/\/www.transreallogistica.com.br\/wp-content\/uploads\/2020\/06\/foto-cargas-refrigeradas.jpg 960w\" data-sizes=\"(max-width: 750px) 100vw, 750px\" \/><div class=\"gt-overlay\"><div class=\"gt-overlay-color\"><\/div><div class=\"gt-overlay-icon\"><svg xmlns=\"http:\/\/www.w3.org\/2000\/svg\" width=\"24\" height=\"24\" viewBox=\"0 0 24 24\" fill=\"none\" stroke=\"currentColor\" stroke-width=\"1\" stroke-linecap=\"round\" stroke-linejoin=\"round\" class=\"feather feather-arrow-right\"><line x1=\"5\" y1=\"12\" x2=\"19\" y2=\"12\"><\/line><polyline points=\"12 5 19 12 12 19\"><\/polyline><\/svg><\/div><\/div><\/a><\/div><div class=\"gt-content\"><div class=\"gt-line\"><\/div><h3 class=\"gt-title\"><a href=\"https:\/\/www.transreallogistica.com.br\/?project=cargas-refrigeradas\">Cargas Refrigeradas<\/a><\/h3><p class=\"gt-excerpt\">Atendimento a clientes espec\u00edficos que necessitam transportar seus produtos em cargas com refrigera\u00e7\u00e3o controlada e modificada para manter a qualidade e prorrogar a vida de cargas altamente sens\u00edveis e produtos perec\u00edveis.<\/p><ul class=\"gt-cat\"><li><a href=\"https:\/\/www.transreallogistica.com.br\/?project-category=_\">_<\/a><\/li><\/ul><\/div><\/div><div class=\"gt-item gt-col\"><div class=\"gt-img\"><a href=\"https:\/\/www.transreallogistica.com.br\/?project=importacao-e-exportacao\"><img width=\"750\" height=\"750\" class=\"attachment-luxe-project-2 size-luxe-project-2 gt-lazy-load wp-post-image\" alt=\"\" data-src=\"https:\/\/www.transreallogistica.com.br\/wp-content\/uploads\/2020\/06\/foto-importacao-exportacao-750x750.jpg\" data-srcset=\"https:\/\/www.transreallogistica.com.br\/wp-content\/uploads\/2020\/06\/foto-importacao-exportacao-750x750.jpg 750w, https:\/\/www.transreallogistica.com.br\/wp-content\/uploads\/2020\/06\/foto-importacao-exportacao-300x300.jpg 300w, https:\/\/www.transreallogistica.com.br\/wp-content\/uploads\/2020\/06\/foto-importacao-exportacao-150x150.jpg 150w, https:\/\/www.transreallogistica.com.br\/wp-content\/uploads\/2020\/06\/foto-importacao-exportacao-768x768.jpg 768w, https:\/\/www.transreallogistica.com.br\/wp-content\/uploads\/2020\/06\/foto-importacao-exportacao-555x555.jpg 555w, https:\/\/www.transreallogistica.com.br\/wp-content\/uploads\/2020\/06\/foto-importacao-exportacao-540x540.jpg 540w, https:\/\/www.transreallogistica.com.br\/wp-content\/uploads\/2020\/06\/foto-importacao-exportacao-800x800.jpg 800w, https:\/\/www.transreallogistica.com.br\/wp-content\/uploads\/2020\/06\/foto-importacao-exportacao-65x65.jpg 65w, https:\/\/www.transreallogistica.com.br\/wp-content\/uploads\/2020\/06\/foto-importacao-exportacao-350x350.jpg 350w, https:\/\/www.transreallogistica.com.br\/wp-content\/uploads\/2020\/06\/foto-importacao-exportacao-650x650.jpg 650w, https:\/\/www.transreallogistica.com.br\/wp-content\/uploads\/2020\/06\/foto-importacao-exportacao.jpg 960w\" data-sizes=\"(max-width: 750px) 100vw, 750px\" \/><div class=\"gt-overlay\"><div class=\"gt-overlay-color\"><\/div><div class=\"gt-overlay-icon\"><svg xmlns=\"http:\/\/www.w3.org\/2000\/svg\" width=\"24\" height=\"24\" viewBox=\"0 0 24 24\" fill=\"none\" stroke=\"currentColor\" stroke-width=\"1\" stroke-linecap=\"round\" stroke-linejoin=\"round\" class=\"feather feather-arrow-right\"><line x1=\"5\" y1=\"12\" x2=\"19\" y2=\"12\"><\/line><polyline points=\"12 5 19 12 12 19\"><\/polyline><\/svg><\/div><\/div><\/a><\/div><div class=\"gt-content\"><div class=\"gt-line\"><\/div><h3 class=\"gt-title\"><a href=\"https:\/\/www.transreallogistica.com.br\/?project=importacao-e-exportacao\">Importa\u00e7\u00e3o e Exporta\u00e7\u00e3o<\/a><\/h3><p class=\"gt-excerpt\">Atendimento \u00e0s necessidades de embarcadores em todo o Brasil, com toda a infraestrutura necess\u00e1ria para as opera\u00e7\u00f5es de exporta\u00e7\u00e3o e importa\u00e7\u00e3o nos principais portos do pa\u00eds, seguindo rigorosas normas internacionais de seguran\u00e7a. Terminal de containers com 34 mil metros quadrados na cidade de Cubat\u00e3o-SP.<\/p><ul class=\"gt-cat\"><li><a href=\"https:\/\/www.transreallogistica.com.br\/?project-category=_\">_<\/a><\/li><\/ul><\/div><\/div><div class=\"gt-item gt-col\"><div class=\"gt-img\"><a href=\"https:\/\/www.transreallogistica.com.br\/?project=armazenagem-seca-e-frigorifica\"><img width=\"750\" height=\"750\" class=\"attachment-luxe-project-2 size-luxe-project-2 gt-lazy-load wp-post-image\" alt=\"\" data-src=\"https:\/\/www.transreallogistica.com.br\/wp-content\/uploads\/2020\/06\/foto-armazenagem-750x750.jpg\" data-srcset=\"https:\/\/www.transreallogistica.com.br\/wp-content\/uploads\/2020\/06\/foto-armazenagem-750x750.jpg 750w, https:\/\/www.transreallogistica.com.br\/wp-content\/uploads\/2020\/06\/foto-armazenagem-300x300.jpg 300w, https:\/\/www.transreallogistica.com.br\/wp-content\/uploads\/2020\/06\/foto-armazenagem-150x150.jpg 150w, https:\/\/www.transreallogistica.com.br\/wp-content\/uploads\/2020\/06\/foto-armazenagem-768x768.jpg 768w, https:\/\/www.transreallogistica.com.br\/wp-content\/uploads\/2020\/06\/foto-armazenagem-555x555.jpg 555w, https:\/\/www.transreallogistica.com.br\/wp-content\/uploads\/2020\/06\/foto-armazenagem-540x540.jpg 540w, https:\/\/www.transreallogistica.com.br\/wp-content\/uploads\/2020\/06\/foto-armazenagem-800x800.jpg 800w, https:\/\/www.transreallogistica.com.br\/wp-content\/uploads\/2020\/06\/foto-armazenagem-65x65.jpg 65w, https:\/\/www.transreallogistica.com.br\/wp-content\/uploads\/2020\/06\/foto-armazenagem-350x350.jpg 350w, https:\/\/www.transreallogistica.com.br\/wp-content\/uploads\/2020\/06\/foto-armazenagem-650x650.jpg 650w, https:\/\/www.transreallogistica.com.br\/wp-content\/uploads\/2020\/06\/foto-armazenagem.jpg 960w\" data-sizes=\"(max-width: 750px) 100vw, 750px\" \/><div class=\"gt-overlay\"><div class=\"gt-overlay-color\"><\/div><div class=\"gt-overlay-icon\"><svg xmlns=\"http:\/\/www.w3.org\/2000\/svg\" width=\"24\" height=\"24\" viewBox=\"0 0 24 24\" fill=\"none\" stroke=\"currentColor\" stroke-width=\"1\" stroke-linecap=\"round\" stroke-linejoin=\"round\" class=\"feather feather-arrow-right\"><line x1=\"5\" y1=\"12\" x2=\"19\" y2=\"12\"><\/line><polyline points=\"12 5 19 12 12 19\"><\/polyline><\/svg><\/div><\/div><\/a><\/div><div class=\"gt-content\"><div class=\"gt-line\"><\/div><h3 class=\"gt-title\"><a href=\"https:\/\/www.transreallogistica.com.br\/?project=armazenagem-seca-e-frigorifica\">Armazenagem Seca e Frigor\u00edfica<\/a><\/h3><p class=\"gt-excerpt\">A nossos clientes, oferecemos amplos e modernos armaz\u00e9ns estrategicamente localizados, que contam com: estrutura projetada para atender toda a diversidade de armazenagem, como blocos, drive-in e porta-pallets; Moderno sistema de gest\u00e3o \u201cwarehouse\u201d, garantindo acuracidade em tempo real; WMS com capacidade de varia\u00e7\u00f5es na forma de expedi\u00e7\u00e3o.<\/p><ul class=\"gt-cat\"><li><a href=\"https:\/\/www.transreallogistica.com.br\/?project-category=_\">_<\/a><\/li><\/ul><\/div><\/div><\/div>[\/vc_column][\/vc_row]<\/p>\n","protected":false},"excerpt":{"rendered":"<p>[vc_row full_width=&#8221;stretch_row&#8221; full_height=&#8221;yes&#8221; content_placement=&#8221;middle&#8221; colored-background-opacity=&#8221;gt-row-opacity-colored&#8221; css=&#8221;.vc_custom_1612469593531{background: #3b0f62 url(http:\/\/www.transreallogistica.com.br\/wp-content\/uploads\/2020\/07\/img_servicos-min-2.jpg?id=3096) !important;background-position: center !important;background-repeat: no-repeat !important;background-size: cover !important;}&#8221;][vc_column width=&#8221;1\/2&#8243;][vc_empty_space height=&#8221;120px&#8221;][vc_empty_space height=&#8221;120px&#8221;][\/vc_column][vc_column width=&#8221;1\/2&#8243;][vc_empty_space height=&#8221;120px&#8221;][vc_column_text]Uma empresa moderna e bem estruturada, que conta com colaboradores e&#8230;<\/p>\n","protected":false},"author":1,"featured_media":0,"parent":0,"menu_order":0,"comment_status":"closed","ping_status":"closed","template":"","meta":{"footnotes":""},"class_list":["post-301","page","type-page","status-publish","hentry"],"_links":{"self":[{"href":"https:\/\/www.transreallogistica.com.br\/index.php?rest_route=\/wp\/v2\/pages\/301","targetHints":{"allow":["GET"]}}],"collection":[{"href":"https:\/\/www.transreallogistica.com.br\/index.php?rest_route=\/wp\/v2\/pages"}],"about":[{"href":"https:\/\/www.transreallogistica.com.br\/index.php?rest_route=\/wp\/v2\/types\/page"}],"author":[{"embeddable":true,"href":"https:\/\/www.transreallogistica.com.br\/index.php?rest_route=\/wp\/v2\/users\/1"}],"replies":[{"embeddable":true,"href":"https:\/\/www.transreallogistica.com.br\/index.php?rest_route=%2Fwp%2Fv2%2Fcomments&post=301"}],"version-history":[{"count":27,"href":"https:\/\/www.transreallogistica.com.br\/index.php?rest_route=\/wp\/v2\/pages\/301\/revisions"}],"predecessor-version":[{"id":3143,"href":"https:\/\/www.transreallogistica.com.br\/index.php?rest_route=\/wp\/v2\/pages\/301\/revisions\/3143"}],"wp:attachment":[{"href":"https:\/\/www.transreallogistica.com.br\/index.php?rest_route=%2Fwp%2Fv2%2Fmedia&parent=301"}],"curies":[{"name":"wp","href":"https:\/\/api.w.org\/{rel}","templated":true}]}}