{"id":315,"date":"2018-09-03T12:57:50","date_gmt":"2018-09-03T12:57:50","guid":{"rendered":"https:\/\/demo.gloriathemes.com\/luxe\/demo\/?page_id=315"},"modified":"2024-05-24T18:52:00","modified_gmt":"2024-05-24T21:52:00","slug":"nossos-projetos","status":"publish","type":"page","link":"https:\/\/www.transreallogistica.com.br\/?page_id=315","title":{"rendered":"Nossos Projetos"},"content":{"rendered":"<p>[vc_row][vc_column][vc_column_text]<\/p>\n<p style=\"text-align: center;\">Tendo em vista a nossa atua\u00e7\u00e3o relacionada \u00e0 responsabilidade social, a Trans Real realiza diversas iniciativas de impacto positivo na empresa e na sociedade. Al\u00e9m de mobilizar nossos profissionais em torno de tem\u00e1ticas e a\u00e7\u00f5es de relev\u00e2ncia social e ambiental, realizamos algumas a\u00e7\u00f5es e participamos de campanhas comprometidas com a promo\u00e7\u00e3o da cidadania e com a constru\u00e7\u00e3o de uma sociedade mais justa e igualit\u00e1ria para todos.<\/p>\n<p>[\/vc_column_text][vc_empty_space]<div class=\"gt-project-list gt-style-9 gt-columns gt-column-3 gt-opacity-effect-true\"><div class=\"gt-item gt-col\"><div class=\"gt-item-inner\"><div class=\"gt-img\"><a href=\"https:\/\/www.transreallogistica.com.br\/?project=cidadania-corporativa\"><img width=\"700\" height=\"700\" class=\"attachment-luxe-project-2 size-luxe-project-2 gt-lazy-load wp-post-image\" alt=\"\" data-src=\"https:\/\/www.transreallogistica.com.br\/wp-content\/uploads\/2024\/04\/jovens-colegas-trabalhando-juntos-em-um-cafe2.jpg\" data-srcset=\"https:\/\/www.transreallogistica.com.br\/wp-content\/uploads\/2024\/04\/jovens-colegas-trabalhando-juntos-em-um-cafe2.jpg 700w, https:\/\/www.transreallogistica.com.br\/wp-content\/uploads\/2024\/04\/jovens-colegas-trabalhando-juntos-em-um-cafe2-300x300.jpg 300w, https:\/\/www.transreallogistica.com.br\/wp-content\/uploads\/2024\/04\/jovens-colegas-trabalhando-juntos-em-um-cafe2-150x150.jpg 150w, https:\/\/www.transreallogistica.com.br\/wp-content\/uploads\/2024\/04\/jovens-colegas-trabalhando-juntos-em-um-cafe2-555x555.jpg 555w, https:\/\/www.transreallogistica.com.br\/wp-content\/uploads\/2024\/04\/jovens-colegas-trabalhando-juntos-em-um-cafe2-540x540.jpg 540w, https:\/\/www.transreallogistica.com.br\/wp-content\/uploads\/2024\/04\/jovens-colegas-trabalhando-juntos-em-um-cafe2-65x65.jpg 65w, https:\/\/www.transreallogistica.com.br\/wp-content\/uploads\/2024\/04\/jovens-colegas-trabalhando-juntos-em-um-cafe2-350x350.jpg 350w, https:\/\/www.transreallogistica.com.br\/wp-content\/uploads\/2024\/04\/jovens-colegas-trabalhando-juntos-em-um-cafe2-650x650.jpg 650w\" data-sizes=\"(max-width: 700px) 100vw, 700px\" \/><div class=\"gt-overlay\"><div class=\"gt-overlay-color\"><\/div><div class=\"gt-overlay-icon\"><svg xmlns=\"http:\/\/www.w3.org\/2000\/svg\" width=\"24\" height=\"24\" viewBox=\"0 0 24 24\" fill=\"none\" stroke=\"currentColor\" stroke-width=\"1\" stroke-linecap=\"round\" stroke-linejoin=\"round\" class=\"feather feather-arrow-right\"><line x1=\"5\" y1=\"12\" x2=\"19\" y2=\"12\"><\/line><polyline points=\"12 5 19 12 12 19\"><\/polyline><\/svg><\/div><\/div><\/a><\/div><div class=\"gt-title-fixed\"><h3 class=\"gt-title\">Cidadania Corporativa<\/h3><\/div><\/div><\/div><div class=\"gt-item gt-col\"><div class=\"gt-item-inner\"><div class=\"gt-img\"><a href=\"https:\/\/www.transreallogistica.com.br\/?project=programa-a-vez-e-delas\"><img width=\"750\" height=\"750\" class=\"attachment-luxe-project-2 size-luxe-project-2 gt-lazy-load wp-post-image\" alt=\"\" data-src=\"https:\/\/www.transreallogistica.com.br\/wp-content\/uploads\/2024\/04\/323894801_721208692649468_884665604557267479_n-750x750.jpeg\" data-srcset=\"https:\/\/www.transreallogistica.com.br\/wp-content\/uploads\/2024\/04\/323894801_721208692649468_884665604557267479_n-750x750.jpeg 750w, https:\/\/www.transreallogistica.com.br\/wp-content\/uploads\/2024\/04\/323894801_721208692649468_884665604557267479_n-300x300.jpeg 300w, https:\/\/www.transreallogistica.com.br\/wp-content\/uploads\/2024\/04\/323894801_721208692649468_884665604557267479_n-1024x1024.jpeg 1024w, https:\/\/www.transreallogistica.com.br\/wp-content\/uploads\/2024\/04\/323894801_721208692649468_884665604557267479_n-150x150.jpeg 150w, https:\/\/www.transreallogistica.com.br\/wp-content\/uploads\/2024\/04\/323894801_721208692649468_884665604557267479_n-768x768.jpeg 768w, https:\/\/www.transreallogistica.com.br\/wp-content\/uploads\/2024\/04\/323894801_721208692649468_884665604557267479_n-555x555.jpeg 555w, https:\/\/www.transreallogistica.com.br\/wp-content\/uploads\/2024\/04\/323894801_721208692649468_884665604557267479_n-540x540.jpeg 540w, https:\/\/www.transreallogistica.com.br\/wp-content\/uploads\/2024\/04\/323894801_721208692649468_884665604557267479_n-800x800.jpeg 800w, https:\/\/www.transreallogistica.com.br\/wp-content\/uploads\/2024\/04\/323894801_721208692649468_884665604557267479_n-65x65.jpeg 65w, https:\/\/www.transreallogistica.com.br\/wp-content\/uploads\/2024\/04\/323894801_721208692649468_884665604557267479_n-350x350.jpeg 350w, https:\/\/www.transreallogistica.com.br\/wp-content\/uploads\/2024\/04\/323894801_721208692649468_884665604557267479_n-650x650.jpeg 650w, https:\/\/www.transreallogistica.com.br\/wp-content\/uploads\/2024\/04\/323894801_721208692649468_884665604557267479_n.jpeg 1080w\" data-sizes=\"(max-width: 750px) 100vw, 750px\" \/><div class=\"gt-overlay\"><div class=\"gt-overlay-color\"><\/div><div class=\"gt-overlay-icon\"><svg xmlns=\"http:\/\/www.w3.org\/2000\/svg\" width=\"24\" height=\"24\" viewBox=\"0 0 24 24\" fill=\"none\" stroke=\"currentColor\" stroke-width=\"1\" stroke-linecap=\"round\" stroke-linejoin=\"round\" class=\"feather feather-arrow-right\"><line x1=\"5\" y1=\"12\" x2=\"19\" y2=\"12\"><\/line><polyline points=\"12 5 19 12 12 19\"><\/polyline><\/svg><\/div><\/div><\/a><\/div><div class=\"gt-title-fixed\"><h3 class=\"gt-title\">Programa A Vez \u00e9 Delas<\/h3><\/div><\/div><\/div><div class=\"gt-item gt-col\"><div class=\"gt-item-inner\"><div class=\"gt-img\"><a href=\"https:\/\/www.transreallogistica.com.br\/?project=trans-real-sustentavel\"><img width=\"750\" height=\"750\" class=\"attachment-luxe-project-2 size-luxe-project-2 gt-lazy-load wp-post-image\" alt=\"\" data-src=\"https:\/\/www.transreallogistica.com.br\/wp-content\/uploads\/2021\/02\/img_transreal_sustentavel-750x750.jpg\" data-srcset=\"https:\/\/www.transreallogistica.com.br\/wp-content\/uploads\/2021\/02\/img_transreal_sustentavel-750x750.jpg 750w, https:\/\/www.transreallogistica.com.br\/wp-content\/uploads\/2021\/02\/img_transreal_sustentavel-150x150.jpg 150w, https:\/\/www.transreallogistica.com.br\/wp-content\/uploads\/2021\/02\/img_transreal_sustentavel-555x555.jpg 555w, https:\/\/www.transreallogistica.com.br\/wp-content\/uploads\/2021\/02\/img_transreal_sustentavel-540x540.jpg 540w, https:\/\/www.transreallogistica.com.br\/wp-content\/uploads\/2021\/02\/img_transreal_sustentavel-800x800.jpg 800w, https:\/\/www.transreallogistica.com.br\/wp-content\/uploads\/2021\/02\/img_transreal_sustentavel-65x65.jpg 65w, https:\/\/www.transreallogistica.com.br\/wp-content\/uploads\/2021\/02\/img_transreal_sustentavel-350x350.jpg 350w, https:\/\/www.transreallogistica.com.br\/wp-content\/uploads\/2021\/02\/img_transreal_sustentavel-650x650.jpg 650w, https:\/\/www.transreallogistica.com.br\/wp-content\/uploads\/2021\/02\/img_transreal_sustentavel-1200x1200.jpg 1200w\" data-sizes=\"(max-width: 750px) 100vw, 750px\" \/><div class=\"gt-overlay\"><div class=\"gt-overlay-color\"><\/div><div class=\"gt-overlay-icon\"><svg xmlns=\"http:\/\/www.w3.org\/2000\/svg\" width=\"24\" height=\"24\" viewBox=\"0 0 24 24\" fill=\"none\" stroke=\"currentColor\" stroke-width=\"1\" stroke-linecap=\"round\" stroke-linejoin=\"round\" class=\"feather feather-arrow-right\"><line x1=\"5\" y1=\"12\" x2=\"19\" y2=\"12\"><\/line><polyline points=\"12 5 19 12 12 19\"><\/polyline><\/svg><\/div><\/div><\/a><\/div><div class=\"gt-title-fixed\"><h3 class=\"gt-title\">Trans Real Sustent\u00e1vel<\/h3><\/div><\/div><\/div><div class=\"gt-item gt-col\"><div class=\"gt-item-inner\"><div class=\"gt-img\"><a href=\"https:\/\/www.transreallogistica.com.br\/?project=programa-na-mao-certa\"><img width=\"750\" height=\"750\" class=\"attachment-luxe-project-2 size-luxe-project-2 gt-lazy-load wp-post-image\" alt=\"\" data-src=\"https:\/\/www.transreallogistica.com.br\/wp-content\/uploads\/2020\/06\/img_projetos_transreal_10-750x750.jpg\" data-srcset=\"https:\/\/www.transreallogistica.com.br\/wp-content\/uploads\/2020\/06\/img_projetos_transreal_10-750x750.jpg 750w, https:\/\/www.transreallogistica.com.br\/wp-content\/uploads\/2020\/06\/img_projetos_transreal_10-150x150.jpg 150w, https:\/\/www.transreallogistica.com.br\/wp-content\/uploads\/2020\/06\/img_projetos_transreal_10-555x555.jpg 555w, https:\/\/www.transreallogistica.com.br\/wp-content\/uploads\/2020\/06\/img_projetos_transreal_10-540x540.jpg 540w, https:\/\/www.transreallogistica.com.br\/wp-content\/uploads\/2020\/06\/img_projetos_transreal_10-800x800.jpg 800w, https:\/\/www.transreallogistica.com.br\/wp-content\/uploads\/2020\/06\/img_projetos_transreal_10-65x65.jpg 65w, https:\/\/www.transreallogistica.com.br\/wp-content\/uploads\/2020\/06\/img_projetos_transreal_10-350x350.jpg 350w, https:\/\/www.transreallogistica.com.br\/wp-content\/uploads\/2020\/06\/img_projetos_transreal_10-650x650.jpg 650w, https:\/\/www.transreallogistica.com.br\/wp-content\/uploads\/2020\/06\/img_projetos_transreal_10-1200x1200.jpg 1200w\" data-sizes=\"(max-width: 750px) 100vw, 750px\" \/><div class=\"gt-overlay\"><div class=\"gt-overlay-color\"><\/div><div class=\"gt-overlay-icon\"><svg xmlns=\"http:\/\/www.w3.org\/2000\/svg\" width=\"24\" height=\"24\" viewBox=\"0 0 24 24\" fill=\"none\" stroke=\"currentColor\" stroke-width=\"1\" stroke-linecap=\"round\" stroke-linejoin=\"round\" class=\"feather feather-arrow-right\"><line x1=\"5\" y1=\"12\" x2=\"19\" y2=\"12\"><\/line><polyline points=\"12 5 19 12 12 19\"><\/polyline><\/svg><\/div><\/div><\/a><\/div><div class=\"gt-title-fixed\"><h3 class=\"gt-title\">Programa Na M\u00e3o Certa<\/h3><\/div><\/div><\/div><div class=\"gt-item gt-col\"><div class=\"gt-item-inner\"><div class=\"gt-img\"><a href=\"https:\/\/www.transreallogistica.com.br\/?project=pgt-programa-de-gestao-de-transportadoras\"><img width=\"750\" height=\"750\" class=\"attachment-luxe-project-2 size-luxe-project-2 gt-lazy-load wp-post-image\" alt=\"\" data-src=\"https:\/\/www.transreallogistica.com.br\/wp-content\/uploads\/2020\/06\/img_projetos_transreal_09-750x750.jpg\" data-srcset=\"https:\/\/www.transreallogistica.com.br\/wp-content\/uploads\/2020\/06\/img_projetos_transreal_09-750x750.jpg 750w, https:\/\/www.transreallogistica.com.br\/wp-content\/uploads\/2020\/06\/img_projetos_transreal_09-150x150.jpg 150w, https:\/\/www.transreallogistica.com.br\/wp-content\/uploads\/2020\/06\/img_projetos_transreal_09-555x555.jpg 555w, https:\/\/www.transreallogistica.com.br\/wp-content\/uploads\/2020\/06\/img_projetos_transreal_09-540x540.jpg 540w, https:\/\/www.transreallogistica.com.br\/wp-content\/uploads\/2020\/06\/img_projetos_transreal_09-800x800.jpg 800w, https:\/\/www.transreallogistica.com.br\/wp-content\/uploads\/2020\/06\/img_projetos_transreal_09-65x65.jpg 65w, https:\/\/www.transreallogistica.com.br\/wp-content\/uploads\/2020\/06\/img_projetos_transreal_09-350x350.jpg 350w, https:\/\/www.transreallogistica.com.br\/wp-content\/uploads\/2020\/06\/img_projetos_transreal_09-650x650.jpg 650w, https:\/\/www.transreallogistica.com.br\/wp-content\/uploads\/2020\/06\/img_projetos_transreal_09-1200x1200.jpg 1200w\" data-sizes=\"(max-width: 750px) 100vw, 750px\" \/><div class=\"gt-overlay\"><div class=\"gt-overlay-color\"><\/div><div class=\"gt-overlay-icon\"><svg xmlns=\"http:\/\/www.w3.org\/2000\/svg\" width=\"24\" height=\"24\" viewBox=\"0 0 24 24\" fill=\"none\" stroke=\"currentColor\" stroke-width=\"1\" stroke-linecap=\"round\" stroke-linejoin=\"round\" class=\"feather feather-arrow-right\"><line x1=\"5\" y1=\"12\" x2=\"19\" y2=\"12\"><\/line><polyline points=\"12 5 19 12 12 19\"><\/polyline><\/svg><\/div><\/div><\/a><\/div><div class=\"gt-title-fixed\"><h3 class=\"gt-title\">PGT \u2013 Programa de Gest\u00e3o de Transportadoras<\/h3><\/div><\/div><\/div><div class=\"gt-item gt-col\"><div class=\"gt-item-inner\"><div class=\"gt-img\"><a href=\"https:\/\/www.transreallogistica.com.br\/?project=coleta-de-residuos\"><img width=\"750\" height=\"750\" class=\"attachment-luxe-project-2 size-luxe-project-2 gt-lazy-load wp-post-image\" alt=\"\" data-src=\"https:\/\/www.transreallogistica.com.br\/wp-content\/uploads\/2020\/06\/img_projetos_transreal_05-750x750.jpg\" data-srcset=\"https:\/\/www.transreallogistica.com.br\/wp-content\/uploads\/2020\/06\/img_projetos_transreal_05-750x750.jpg 750w, https:\/\/www.transreallogistica.com.br\/wp-content\/uploads\/2020\/06\/img_projetos_transreal_05-150x150.jpg 150w, https:\/\/www.transreallogistica.com.br\/wp-content\/uploads\/2020\/06\/img_projetos_transreal_05-555x555.jpg 555w, https:\/\/www.transreallogistica.com.br\/wp-content\/uploads\/2020\/06\/img_projetos_transreal_05-540x540.jpg 540w, https:\/\/www.transreallogistica.com.br\/wp-content\/uploads\/2020\/06\/img_projetos_transreal_05-800x800.jpg 800w, https:\/\/www.transreallogistica.com.br\/wp-content\/uploads\/2020\/06\/img_projetos_transreal_05-65x65.jpg 65w, https:\/\/www.transreallogistica.com.br\/wp-content\/uploads\/2020\/06\/img_projetos_transreal_05-350x350.jpg 350w, https:\/\/www.transreallogistica.com.br\/wp-content\/uploads\/2020\/06\/img_projetos_transreal_05-650x650.jpg 650w, https:\/\/www.transreallogistica.com.br\/wp-content\/uploads\/2020\/06\/img_projetos_transreal_05-1200x1200.jpg 1200w\" data-sizes=\"(max-width: 750px) 100vw, 750px\" \/><div class=\"gt-overlay\"><div class=\"gt-overlay-color\"><\/div><div class=\"gt-overlay-icon\"><svg xmlns=\"http:\/\/www.w3.org\/2000\/svg\" width=\"24\" height=\"24\" viewBox=\"0 0 24 24\" fill=\"none\" stroke=\"currentColor\" stroke-width=\"1\" stroke-linecap=\"round\" stroke-linejoin=\"round\" class=\"feather feather-arrow-right\"><line x1=\"5\" y1=\"12\" x2=\"19\" y2=\"12\"><\/line><polyline points=\"12 5 19 12 12 19\"><\/polyline><\/svg><\/div><\/div><\/a><\/div><div class=\"gt-title-fixed\"><h3 class=\"gt-title\">Coleta de Res\u00edduos<\/h3><\/div><\/div><\/div><div class=\"gt-item gt-col\"><div class=\"gt-item-inner\"><div class=\"gt-img\"><a href=\"https:\/\/www.transreallogistica.com.br\/?project=maio-amarelo\"><img width=\"750\" height=\"750\" class=\"attachment-luxe-project-2 size-luxe-project-2 gt-lazy-load wp-post-image\" alt=\"\" data-src=\"https:\/\/www.transreallogistica.com.br\/wp-content\/uploads\/2020\/06\/img_projetos_transreal_03-750x750.jpg\" data-srcset=\"https:\/\/www.transreallogistica.com.br\/wp-content\/uploads\/2020\/06\/img_projetos_transreal_03-750x750.jpg 750w, https:\/\/www.transreallogistica.com.br\/wp-content\/uploads\/2020\/06\/img_projetos_transreal_03-150x150.jpg 150w, https:\/\/www.transreallogistica.com.br\/wp-content\/uploads\/2020\/06\/img_projetos_transreal_03-555x555.jpg 555w, https:\/\/www.transreallogistica.com.br\/wp-content\/uploads\/2020\/06\/img_projetos_transreal_03-540x540.jpg 540w, https:\/\/www.transreallogistica.com.br\/wp-content\/uploads\/2020\/06\/img_projetos_transreal_03-800x800.jpg 800w, https:\/\/www.transreallogistica.com.br\/wp-content\/uploads\/2020\/06\/img_projetos_transreal_03-65x65.jpg 65w, https:\/\/www.transreallogistica.com.br\/wp-content\/uploads\/2020\/06\/img_projetos_transreal_03-350x350.jpg 350w, https:\/\/www.transreallogistica.com.br\/wp-content\/uploads\/2020\/06\/img_projetos_transreal_03-650x650.jpg 650w, https:\/\/www.transreallogistica.com.br\/wp-content\/uploads\/2020\/06\/img_projetos_transreal_03-1200x1200.jpg 1200w\" data-sizes=\"(max-width: 750px) 100vw, 750px\" \/><div class=\"gt-overlay\"><div class=\"gt-overlay-color\"><\/div><div class=\"gt-overlay-icon\"><svg xmlns=\"http:\/\/www.w3.org\/2000\/svg\" width=\"24\" height=\"24\" viewBox=\"0 0 24 24\" fill=\"none\" stroke=\"currentColor\" stroke-width=\"1\" stroke-linecap=\"round\" stroke-linejoin=\"round\" class=\"feather feather-arrow-right\"><line x1=\"5\" y1=\"12\" x2=\"19\" y2=\"12\"><\/line><polyline points=\"12 5 19 12 12 19\"><\/polyline><\/svg><\/div><\/div><\/a><\/div><div class=\"gt-title-fixed\"><h3 class=\"gt-title\">Maio Amarelo<\/h3><\/div><\/div><\/div><div class=\"gt-item gt-col\"><div class=\"gt-item-inner\"><div class=\"gt-img\"><a href=\"https:\/\/www.transreallogistica.com.br\/?project=treinamentos-e-capacitacao\"><img width=\"750\" height=\"750\" class=\"attachment-luxe-project-2 size-luxe-project-2 gt-lazy-load wp-post-image\" alt=\"\" data-src=\"https:\/\/www.transreallogistica.com.br\/wp-content\/uploads\/2020\/06\/img_projetos_transreal_01-750x750.jpg\" data-srcset=\"https:\/\/www.transreallogistica.com.br\/wp-content\/uploads\/2020\/06\/img_projetos_transreal_01-750x750.jpg 750w, https:\/\/www.transreallogistica.com.br\/wp-content\/uploads\/2020\/06\/img_projetos_transreal_01-150x150.jpg 150w, https:\/\/www.transreallogistica.com.br\/wp-content\/uploads\/2020\/06\/img_projetos_transreal_01-555x555.jpg 555w, https:\/\/www.transreallogistica.com.br\/wp-content\/uploads\/2020\/06\/img_projetos_transreal_01-540x540.jpg 540w, https:\/\/www.transreallogistica.com.br\/wp-content\/uploads\/2020\/06\/img_projetos_transreal_01-800x800.jpg 800w, https:\/\/www.transreallogistica.com.br\/wp-content\/uploads\/2020\/06\/img_projetos_transreal_01-65x65.jpg 65w, https:\/\/www.transreallogistica.com.br\/wp-content\/uploads\/2020\/06\/img_projetos_transreal_01-350x350.jpg 350w, https:\/\/www.transreallogistica.com.br\/wp-content\/uploads\/2020\/06\/img_projetos_transreal_01-650x650.jpg 650w, https:\/\/www.transreallogistica.com.br\/wp-content\/uploads\/2020\/06\/img_projetos_transreal_01-1200x1200.jpg 1200w\" data-sizes=\"(max-width: 750px) 100vw, 750px\" \/><div class=\"gt-overlay\"><div class=\"gt-overlay-color\"><\/div><div class=\"gt-overlay-icon\"><svg xmlns=\"http:\/\/www.w3.org\/2000\/svg\" width=\"24\" height=\"24\" viewBox=\"0 0 24 24\" fill=\"none\" stroke=\"currentColor\" stroke-width=\"1\" stroke-linecap=\"round\" stroke-linejoin=\"round\" class=\"feather feather-arrow-right\"><line x1=\"5\" y1=\"12\" x2=\"19\" y2=\"12\"><\/line><polyline points=\"12 5 19 12 12 19\"><\/polyline><\/svg><\/div><\/div><\/a><\/div><div class=\"gt-title-fixed\"><h3 class=\"gt-title\">Treinamentos e Capacita\u00e7\u00e3o<\/h3><\/div><\/div><\/div><\/div>[\/vc_column][\/vc_row]<\/p>\n","protected":false},"excerpt":{"rendered":"<p>[vc_row][vc_column][vc_column_text] Tendo em vista a nossa atua\u00e7\u00e3o relacionada \u00e0 responsabilidade social, a Trans Real realiza diversas iniciativas de impacto positivo na empresa e na sociedade. Al\u00e9m de mobilizar nossos profissionais&#8230;<\/p>\n","protected":false},"author":1,"featured_media":0,"parent":0,"menu_order":0,"comment_status":"closed","ping_status":"closed","template":"","meta":{"footnotes":""},"class_list":["post-315","page","type-page","status-publish","hentry"],"_links":{"self":[{"href":"https:\/\/www.transreallogistica.com.br\/index.php?rest_route=\/wp\/v2\/pages\/315","targetHints":{"allow":["GET"]}}],"collection":[{"href":"https:\/\/www.transreallogistica.com.br\/index.php?rest_route=\/wp\/v2\/pages"}],"about":[{"href":"https:\/\/www.transreallogistica.com.br\/index.php?rest_route=\/wp\/v2\/types\/page"}],"author":[{"embeddable":true,"href":"https:\/\/www.transreallogistica.com.br\/index.php?rest_route=\/wp\/v2\/users\/1"}],"replies":[{"embeddable":true,"href":"https:\/\/www.transreallogistica.com.br\/index.php?rest_route=%2Fwp%2Fv2%2Fcomments&post=315"}],"version-history":[{"count":8,"href":"https:\/\/www.transreallogistica.com.br\/index.php?rest_route=\/wp\/v2\/pages\/315\/revisions"}],"predecessor-version":[{"id":3402,"href":"https:\/\/www.transreallogistica.com.br\/index.php?rest_route=\/wp\/v2\/pages\/315\/revisions\/3402"}],"wp:attachment":[{"href":"https:\/\/www.transreallogistica.com.br\/index.php?rest_route=%2Fwp%2Fv2%2Fmedia&parent=315"}],"curies":[{"name":"wp","href":"https:\/\/api.w.org\/{rel}","templated":true}]}}