{"id":355,"date":"2018-09-03T13:06:27","date_gmt":"2018-09-03T13:06:27","guid":{"rendered":"https:\/\/demo.gloriathemes.com\/luxe\/demo\/?page_id=355"},"modified":"2024-05-24T18:48:46","modified_gmt":"2024-05-24T21:48:46","slug":"estrutura","status":"publish","type":"page","link":"https:\/\/www.transreallogistica.com.br\/?page_id=355","title":{"rendered":"De ponta a ponta"},"content":{"rendered":"<p>[vc_row][vc_column width=&#8221;1\/3&#8243;]<div class=\"gt-feature-box gt-align-left gt-style-1 gt-opacity-effect-true\"><div class=\"gt-img\"><img width=\"540\" height=\"540\" class=\"attachment-luxe-feature-box-1 size-luxe-feature-box-1 gt-lazy-load\" alt=\"\" data-src=\"https:\/\/www.transreallogistica.com.br\/wp-content\/uploads\/2024\/04\/img-matriz-transreal-540x540.jpg\" data-srcset=\"https:\/\/www.transreallogistica.com.br\/wp-content\/uploads\/2024\/04\/img-matriz-transreal.jpg 540w, https:\/\/www.transreallogistica.com.br\/wp-content\/uploads\/2024\/04\/img-matriz-transreal-300x300.jpg 300w, https:\/\/www.transreallogistica.com.br\/wp-content\/uploads\/2024\/04\/img-matriz-transreal-150x150.jpg 150w, https:\/\/www.transreallogistica.com.br\/wp-content\/uploads\/2024\/04\/img-matriz-transreal-65x65.jpg 65w, https:\/\/www.transreallogistica.com.br\/wp-content\/uploads\/2024\/04\/img-matriz-transreal-350x350.jpg 350w\" data-sizes=\"(max-width: 540px) 100vw, 540px\" \/><\/div><div class=\"gt-content\"><h3 class=\"gt-title\">Matriz e Filiais<\/h3><div class=\"gt-excerpt\"><p>Com a Matriz e 06 (seis) filiais situadas em cidades estrat\u00e9gicas, a Trans Real possui uma estrutura atual que permite atua\u00e7\u00e3o de norte a sul do pa\u00eds.<\/p>\n<\/div><div class=\"gt-line\"><\/div><div class=\"gt-number\">01<\/div><\/div><\/div>[vc_empty_space height=&#8221;60px&#8221;][\/vc_column][vc_column width=&#8221;1\/3&#8243;]<div class=\"gt-feature-box gt-align-center gt-style-1 gt-opacity-effect-true\"><div class=\"gt-img\"><img width=\"540\" height=\"540\" class=\"attachment-luxe-feature-box-1 size-luxe-feature-box-1 gt-lazy-load\" alt=\"\" data-src=\"https:\/\/www.transreallogistica.com.br\/wp-content\/uploads\/2020\/06\/02_estrutura.jpg\" data-srcset=\"https:\/\/www.transreallogistica.com.br\/wp-content\/uploads\/2020\/06\/02_estrutura.jpg 540w, https:\/\/www.transreallogistica.com.br\/wp-content\/uploads\/2020\/06\/02_estrutura-300x300.jpg 300w, https:\/\/www.transreallogistica.com.br\/wp-content\/uploads\/2020\/06\/02_estrutura-150x150.jpg 150w, https:\/\/www.transreallogistica.com.br\/wp-content\/uploads\/2020\/06\/02_estrutura-65x65.jpg 65w, https:\/\/www.transreallogistica.com.br\/wp-content\/uploads\/2020\/06\/02_estrutura-350x350.jpg 350w\" data-sizes=\"(max-width: 540px) 100vw, 540px\" \/><\/div><div class=\"gt-content\"><h3 class=\"gt-title\">Gerenciamento de Riscos<\/h3><div class=\"gt-excerpt\"><p>Central tem informa\u00e7\u00f5es de todos os acontecimentos do ve\u00edculo, desde o limite de velocidade, travamento das portas, bloqueio da porta do ba\u00fa, entre outras indica\u00e7\u00f5es fornecidas pelo sistema de telemetria.<\/p>\n<\/div><div class=\"gt-line\"><\/div><div class=\"gt-number\">02<\/div><\/div><\/div>[vc_empty_space height=&#8221;60px&#8221;][\/vc_column][vc_column width=&#8221;1\/3&#8243;]<div class=\"gt-feature-box gt-align-right gt-style-1 gt-opacity-effect-true\"><div class=\"gt-img\"><img width=\"540\" height=\"540\" class=\"attachment-luxe-feature-box-1 size-luxe-feature-box-1 gt-lazy-load\" alt=\"\" data-src=\"https:\/\/www.transreallogistica.com.br\/wp-content\/uploads\/2020\/06\/03_estrutura.jpg\" data-srcset=\"https:\/\/www.transreallogistica.com.br\/wp-content\/uploads\/2020\/06\/03_estrutura.jpg 540w, https:\/\/www.transreallogistica.com.br\/wp-content\/uploads\/2020\/06\/03_estrutura-300x300.jpg 300w, https:\/\/www.transreallogistica.com.br\/wp-content\/uploads\/2020\/06\/03_estrutura-150x150.jpg 150w, https:\/\/www.transreallogistica.com.br\/wp-content\/uploads\/2020\/06\/03_estrutura-65x65.jpg 65w, https:\/\/www.transreallogistica.com.br\/wp-content\/uploads\/2020\/06\/03_estrutura-350x350.jpg 350w\" data-sizes=\"(max-width: 540px) 100vw, 540px\" \/><\/div><div class=\"gt-content\"><h3 class=\"gt-title\">Carga em Tempo Real<\/h3><div class=\"gt-excerpt\"><p>Atrav\u00e9s de sua torre de controle, a empresa tem um posicionamento de 100%\u00a0 das cargas em tempo real e de maneira precisa.<\/p>\n<\/div><div class=\"gt-line\"><\/div><div class=\"gt-number\">03<\/div><\/div><\/div>[vc_empty_space height=&#8221;60px&#8221;][\/vc_column][\/vc_row][vc_row][vc_column][vc_empty_space height=&#8221;45px&#8221;][\/vc_column][\/vc_row][vc_row][vc_column width=&#8221;1\/3&#8243;]<div class=\"gt-feature-box gt-align-left gt-style-1 gt-opacity-effect-true\"><div class=\"gt-img\"><img width=\"540\" height=\"540\" class=\"attachment-luxe-feature-box-1 size-luxe-feature-box-1 gt-lazy-load\" alt=\"\" data-src=\"https:\/\/www.transreallogistica.com.br\/wp-content\/uploads\/2020\/06\/04_estrutura.jpg\" data-srcset=\"https:\/\/www.transreallogistica.com.br\/wp-content\/uploads\/2020\/06\/04_estrutura.jpg 540w, https:\/\/www.transreallogistica.com.br\/wp-content\/uploads\/2020\/06\/04_estrutura-300x300.jpg 300w, https:\/\/www.transreallogistica.com.br\/wp-content\/uploads\/2020\/06\/04_estrutura-150x150.jpg 150w, https:\/\/www.transreallogistica.com.br\/wp-content\/uploads\/2020\/06\/04_estrutura-65x65.jpg 65w, https:\/\/www.transreallogistica.com.br\/wp-content\/uploads\/2020\/06\/04_estrutura-350x350.jpg 350w\" data-sizes=\"(max-width: 540px) 100vw, 540px\" \/><\/div><div class=\"gt-content\"><h3 class=\"gt-title\">Rastreamento Online<\/h3><div class=\"gt-excerpt\"><p>Tecnologia Autotrac para monitoramento e rastreamento dos ve\u00edculos, obtendo assim total seguran\u00e7a desde a coleta at\u00e9 a entrega em nosso cliente.<\/p>\n<\/div><div class=\"gt-line\"><\/div><div class=\"gt-number\">04<\/div><\/div><\/div>[vc_empty_space height=&#8221;60px&#8221;][\/vc_column][vc_column width=&#8221;1\/3&#8243;]<div class=\"gt-feature-box gt-align-center gt-style-1 gt-opacity-effect-true\"><div class=\"gt-img\"><img width=\"540\" height=\"540\" class=\"attachment-luxe-feature-box-1 size-luxe-feature-box-1 gt-lazy-load\" alt=\"\" data-src=\"https:\/\/www.transreallogistica.com.br\/wp-content\/uploads\/2020\/06\/05_estrutura.jpg\" data-srcset=\"https:\/\/www.transreallogistica.com.br\/wp-content\/uploads\/2020\/06\/05_estrutura.jpg 540w, https:\/\/www.transreallogistica.com.br\/wp-content\/uploads\/2020\/06\/05_estrutura-300x300.jpg 300w, https:\/\/www.transreallogistica.com.br\/wp-content\/uploads\/2020\/06\/05_estrutura-150x150.jpg 150w, https:\/\/www.transreallogistica.com.br\/wp-content\/uploads\/2020\/06\/05_estrutura-65x65.jpg 65w, https:\/\/www.transreallogistica.com.br\/wp-content\/uploads\/2020\/06\/05_estrutura-350x350.jpg 350w\" data-sizes=\"(max-width: 540px) 100vw, 540px\" \/><\/div><div class=\"gt-content\"><h3 class=\"gt-title\">Carga Segurada<\/h3><div class=\"gt-excerpt\"><p>Para garantir a seguran\u00e7a das encomendas em todo o territ\u00f3rio nacional, toda a carga \u00e9 segurada durante carregamento e transporte rodovi\u00e1rio.<\/p>\n<\/div><div class=\"gt-line\"><\/div><div class=\"gt-number\">05<\/div><\/div><\/div>[vc_empty_space height=&#8221;60px&#8221;][\/vc_column][vc_column width=&#8221;1\/3&#8243;]<div class=\"gt-feature-box gt-align-right gt-style-1 gt-opacity-effect-true\"><div class=\"gt-img\"><img width=\"540\" height=\"540\" class=\"attachment-luxe-feature-box-1 size-luxe-feature-box-1 gt-lazy-load\" alt=\"\" data-src=\"https:\/\/www.transreallogistica.com.br\/wp-content\/uploads\/2020\/06\/06_estrutura.jpg\" data-srcset=\"https:\/\/www.transreallogistica.com.br\/wp-content\/uploads\/2020\/06\/06_estrutura.jpg 540w, https:\/\/www.transreallogistica.com.br\/wp-content\/uploads\/2020\/06\/06_estrutura-300x300.jpg 300w, https:\/\/www.transreallogistica.com.br\/wp-content\/uploads\/2020\/06\/06_estrutura-150x150.jpg 150w, https:\/\/www.transreallogistica.com.br\/wp-content\/uploads\/2020\/06\/06_estrutura-65x65.jpg 65w, https:\/\/www.transreallogistica.com.br\/wp-content\/uploads\/2020\/06\/06_estrutura-350x350.jpg 350w\" data-sizes=\"(max-width: 540px) 100vw, 540px\" \/><\/div><div class=\"gt-content\"><h3 class=\"gt-title\">Treinamento Constante<\/h3><div class=\"gt-excerpt\"><p>Treinamento constante para capacitar os seus colaboradores, de modo a mostrar a eles as melhores t\u00e9cnicas e, com isso, otimizar as opera\u00e7\u00f5es.<\/p>\n<\/div><div class=\"gt-line\"><\/div><div class=\"gt-number\">06<\/div><\/div><\/div>[vc_empty_space height=&#8221;60px&#8221;][\/vc_column][\/vc_row][vc_row][vc_column][vc_empty_space height=&#8221;45px&#8221;][\/vc_column][\/vc_row][vc_row][vc_column width=&#8221;1\/3&#8243;]<div class=\"gt-feature-box gt-align-left gt-style-1 gt-opacity-effect-true\"><div class=\"gt-img\"><img width=\"540\" height=\"540\" class=\"attachment-luxe-feature-box-1 size-luxe-feature-box-1 gt-lazy-load\" alt=\"\" data-src=\"https:\/\/www.transreallogistica.com.br\/wp-content\/uploads\/2020\/07\/img_estrutura_09-min-1.jpg\" data-srcset=\"https:\/\/www.transreallogistica.com.br\/wp-content\/uploads\/2020\/07\/img_estrutura_09-min-1.jpg 540w, https:\/\/www.transreallogistica.com.br\/wp-content\/uploads\/2020\/07\/img_estrutura_09-min-1-300x300.jpg 300w, https:\/\/www.transreallogistica.com.br\/wp-content\/uploads\/2020\/07\/img_estrutura_09-min-1-150x150.jpg 150w, https:\/\/www.transreallogistica.com.br\/wp-content\/uploads\/2020\/07\/img_estrutura_09-min-1-65x65.jpg 65w, https:\/\/www.transreallogistica.com.br\/wp-content\/uploads\/2020\/07\/img_estrutura_09-min-1-350x350.jpg 350w\" data-sizes=\"(max-width: 540px) 100vw, 540px\" \/><\/div><div class=\"gt-content\"><h3 class=\"gt-title\">Controle de Jornada<\/h3><div class=\"gt-excerpt\"><p>Entendemos que o bem-estar dos nossos colaboradores e a seguran\u00e7a das pessoas e encomendas s\u00e3o fundamentais, dessa forma, sempre respeitamos o descanso do motorista e agimos conforme a legisla\u00e7\u00e3o vigente. O controle de jornada garante seguran\u00e7a ao trabalho do nosso profissional, bem como o direito ao descanso e per\u00edodo de alimenta\u00e7\u00e3o. Dessa forma, o motorista exerce sua atividade com bem-estar e mais seguran\u00e7a.<\/p>\n<\/div><div class=\"gt-line\"><\/div><div class=\"gt-number\">07<\/div><\/div><\/div>[vc_empty_space height=&#8221;60px&#8221;][\/vc_column][vc_column width=&#8221;1\/3&#8243;]<div class=\"gt-feature-box gt-align-center gt-style-1 gt-opacity-effect-true\"><div class=\"gt-img\"><img width=\"540\" height=\"540\" class=\"attachment-luxe-feature-box-1 size-luxe-feature-box-1 gt-lazy-load\" alt=\"\" data-src=\"https:\/\/www.transreallogistica.com.br\/wp-content\/uploads\/2020\/07\/img_estrutura_10.jpg\" data-srcset=\"https:\/\/www.transreallogistica.com.br\/wp-content\/uploads\/2020\/07\/img_estrutura_10.jpg 540w, https:\/\/www.transreallogistica.com.br\/wp-content\/uploads\/2020\/07\/img_estrutura_10-300x300.jpg 300w, https:\/\/www.transreallogistica.com.br\/wp-content\/uploads\/2020\/07\/img_estrutura_10-150x150.jpg 150w, https:\/\/www.transreallogistica.com.br\/wp-content\/uploads\/2020\/07\/img_estrutura_10-65x65.jpg 65w, https:\/\/www.transreallogistica.com.br\/wp-content\/uploads\/2020\/07\/img_estrutura_10-350x350.jpg 350w\" data-sizes=\"(max-width: 540px) 100vw, 540px\" \/><\/div><div class=\"gt-content\"><h3 class=\"gt-title\">Master-drive<\/h3><div class=\"gt-excerpt\"><p>Nosso master drive \u00e9 um profissional apto e qualificado em condu\u00e7\u00e3o econ\u00f4mica. Ele \u00e9 respons\u00e1vel pelo treinamento e acompanhamento do desempenho dos motoristas nas estradas, verificando o modo de condu\u00e7\u00e3o, a m\u00e9dia realizada, freadas bruscas, tempo, in\u00e9rcia e diversos outros itens, via tecnologia embarcada nos ve\u00edculos. Al\u00e9m do treinamento, o setor trabalha no incentivo aos motoristas a fazerem o melhor desempenho em cada viagem.<\/p>\n<\/div><div class=\"gt-line\"><\/div><div class=\"gt-number\">08<\/div><\/div><\/div>[vc_empty_space height=&#8221;60px&#8221;][\/vc_column][vc_column width=&#8221;1\/3&#8243;]<div class=\"gt-feature-box gt-align-right gt-style-1 gt-opacity-effect-true\"><div class=\"gt-img\"><img width=\"540\" height=\"540\" class=\"attachment-luxe-feature-box-1 size-luxe-feature-box-1 gt-lazy-load\" alt=\"\" data-src=\"https:\/\/www.transreallogistica.com.br\/wp-content\/uploads\/2020\/07\/img_estrutura_11-min-1.jpg\" data-srcset=\"https:\/\/www.transreallogistica.com.br\/wp-content\/uploads\/2020\/07\/img_estrutura_11-min-1.jpg 540w, https:\/\/www.transreallogistica.com.br\/wp-content\/uploads\/2020\/07\/img_estrutura_11-min-1-300x300.jpg 300w, https:\/\/www.transreallogistica.com.br\/wp-content\/uploads\/2020\/07\/img_estrutura_11-min-1-150x150.jpg 150w, https:\/\/www.transreallogistica.com.br\/wp-content\/uploads\/2020\/07\/img_estrutura_11-min-1-65x65.jpg 65w, https:\/\/www.transreallogistica.com.br\/wp-content\/uploads\/2020\/07\/img_estrutura_11-min-1-350x350.jpg 350w\" data-sizes=\"(max-width: 540px) 100vw, 540px\" \/><\/div><div class=\"gt-content\"><h3 class=\"gt-title\">Manuten\u00e7\u00e3o de Ve\u00edculos<\/h3><div class=\"gt-excerpt\"><p>Al\u00e9m da manuten\u00e7\u00e3o direto da f\u00e1brica, a Trans Real mant\u00e9m um controle interno r\u00edgido a cumprir na manuten\u00e7\u00e3o preventiva e corretiva de seus caminh\u00f5es. A empresa possui internamente uma oficina mec\u00e2nica 24h, borracharia, almoxarifado e postos de combust\u00edveis.<\/p>\n<\/div><div class=\"gt-line\"><\/div><div class=\"gt-number\">09<\/div><\/div><\/div>[vc_empty_space height=&#8221;60px&#8221;][\/vc_column][\/vc_row][vc_row][vc_column][vc_empty_space height=&#8221;60px&#8221;][\/vc_column][\/vc_row][vc_row full_width=&#8221;stretch_row_content_no_spaces&#8221;][vc_column][vc_empty_space height=&#8221;60px&#8221;]<div class=\"gt-feature-box gt-side-img gt-align-left gt-style-3\"><div class=\"gt-img\"><div class=\"gt-img-inner gt-lazy-load\" data-bg=\"https:\/\/www.transreallogistica.com.br\/wp-content\/uploads\/2023\/10\/img-carreta-sider-950x555.jpg\"><\/div><\/div><div class=\"gt-container\"><div class=\"row\"><div class=\"col-lg-6 offset-lg-6\"><div class=\"gt-content\"><div class=\"gt-subtitle\">Ve\u00edculos novos e sempre em dia<\/div><h3 class=\"gt-title\">Frota<\/h3><div class=\"gt-excerpt\"><p>Anualmente, a Trans Real renova cerca de 30% de sua frota. A empresa conta com uma moderna e diversificada frota, composta por carretas frigor\u00edficas 28 e 30 palletes, bitrucks, \u00be, truck, toco, rodotrem refrigerado, carretas sider, carretas LS para o transporte de containers, al\u00e9m de cavalos mec\u00e2nicos novos com idade m\u00e9dia inferior a 3 anos.<br \/>\nUma frota completa para atender \u00e0s mais espec\u00edficas demandas rodovi\u00e1rias dos seus clientes, cumprindo as pr\u00e1ticas atuais de pol\u00edtica ambiental e prezando sempre pela agilidade e efici\u00eancia.<\/p>\n<\/div><div class=\"gt-line\"><\/div><div class=\"gt-number\">10<\/div><\/div><\/div><\/div><\/div><\/div><div class=\"gt-feature-box gt-side-img gt-align-right gt-style-3\"><div class=\"gt-img\"><div class=\"gt-img-inner gt-lazy-load\" data-bg=\"https:\/\/www.transreallogistica.com.br\/wp-content\/uploads\/2020\/06\/08_estrutura.jpg\"><\/div><\/div><div class=\"gt-container\"><div class=\"row\"><div class=\"col-lg-6\"><div class=\"gt-content\"><div class=\"gt-subtitle\">Manuten\u00e7\u00e3o Interna<\/div><h3 class=\"gt-title\">Mec\u00e2nica e Posto Pr\u00f3prio<\/h3><div class=\"gt-excerpt\"><p>A Trans Real realiza a manuten\u00e7\u00e3o corretiva e preventiva de seus ve\u00edculos internamente, onde possui uma Oficina Mec\u00e2nica 24h, Borracharia e Almoxarifado. A empresa tamb\u00e9m conta com Posto de Combust\u00edvel pr\u00f3prio, com bombas digitais de alta vaz\u00e3o e \u00f3leo adquirido direto das distribuidoras de petr\u00f3leo.<\/p>\n<\/div><div class=\"gt-line\"><\/div><div class=\"gt-number\">11<\/div><\/div><\/div><\/div><\/div><\/div>[\/vc_column][\/vc_row]<\/p>\n","protected":false},"excerpt":{"rendered":"<p>[vc_row][vc_column width=&#8221;1\/3&#8243;][vc_empty_space height=&#8221;60px&#8221;][\/vc_column][vc_column width=&#8221;1\/3&#8243;][vc_empty_space height=&#8221;60px&#8221;][\/vc_column][vc_column width=&#8221;1\/3&#8243;][vc_empty_space height=&#8221;60px&#8221;][\/vc_column][\/vc_row][vc_row][vc_column][vc_empty_space height=&#8221;45px&#8221;][\/vc_column][\/vc_row][vc_row][vc_column width=&#8221;1\/3&#8243;][vc_empty_space height=&#8221;60px&#8221;][\/vc_column][vc_column width=&#8221;1\/3&#8243;][vc_empty_space height=&#8221;60px&#8221;][\/vc_column][vc_column width=&#8221;1\/3&#8243;][vc_empty_space height=&#8221;60px&#8221;][\/vc_column][\/vc_row][vc_row][vc_column][vc_empty_space height=&#8221;45px&#8221;][\/vc_column][\/vc_row][vc_row][vc_column width=&#8221;1\/3&#8243;][vc_empty_space height=&#8221;60px&#8221;][\/vc_column][vc_column width=&#8221;1\/3&#8243;][vc_empty_space height=&#8221;60px&#8221;][\/vc_column][vc_column width=&#8221;1\/3&#8243;][vc_empty_space height=&#8221;60px&#8221;][\/vc_column][\/vc_row][vc_row][vc_column][vc_empty_space height=&#8221;60px&#8221;][\/vc_column][\/vc_row][vc_row full_width=&#8221;stretch_row_content_no_spaces&#8221;][vc_column][vc_empty_space height=&#8221;60px&#8221;][\/vc_column][\/vc_row]<\/p>\n","protected":false},"author":1,"featured_media":0,"parent":0,"menu_order":0,"comment_status":"closed","ping_status":"closed","template":"","meta":{"footnotes":""},"class_list":["post-355","page","type-page","status-publish","hentry"],"_links":{"self":[{"href":"https:\/\/www.transreallogistica.com.br\/index.php?rest_route=\/wp\/v2\/pages\/355","targetHints":{"allow":["GET"]}}],"collection":[{"href":"https:\/\/www.transreallogistica.com.br\/index.php?rest_route=\/wp\/v2\/pages"}],"about":[{"href":"https:\/\/www.transreallogistica.com.br\/index.php?rest_route=\/wp\/v2\/types\/page"}],"author":[{"embeddable":true,"href":"https:\/\/www.transreallogistica.com.br\/index.php?rest_route=\/wp\/v2\/users\/1"}],"replies":[{"embeddable":true,"href":"https:\/\/www.transreallogistica.com.br\/index.php?rest_route=%2Fwp%2Fv2%2Fcomments&post=355"}],"version-history":[{"count":53,"href":"https:\/\/www.transreallogistica.com.br\/index.php?rest_route=\/wp\/v2\/pages\/355\/revisions"}],"predecessor-version":[{"id":3401,"href":"https:\/\/www.transreallogistica.com.br\/index.php?rest_route=\/wp\/v2\/pages\/355\/revisions\/3401"}],"wp:attachment":[{"href":"https:\/\/www.transreallogistica.com.br\/index.php?rest_route=%2Fwp%2Fv2%2Fmedia&parent=355"}],"curies":[{"name":"wp","href":"https:\/\/api.w.org\/{rel}","templated":true}]}}