{"id":3031,"date":"2020-06-09T23:21:49","date_gmt":"2020-06-10T02:21:49","guid":{"rendered":"http:\/\/187.45.187.42\/~transreal\/?post_type=project&#038;p=3031"},"modified":"2020-07-06T11:10:39","modified_gmt":"2020-07-06T14:10:39","slug":"coleta-de-residuos","status":"publish","type":"project","link":"https:\/\/www.transreallogistica.com.br\/?project=coleta-de-residuos","title":{"rendered":"Coleta de Res\u00edduos"},"content":{"rendered":"<p>[vc_row][vc_column offset=&#8221;vc_col-lg-1\/5 vc_col-md-1\/5 vc_hidden-sm vc_hidden-xs&#8221;][\/vc_column][vc_column offset=&#8221;vc_col-lg-3\/5 vc_col-md-3\/5 vc_col-xs-12&#8243;][vc_empty_space height=&#8221;230px&#8221;]<div class=\"gt-page-heading gt-dark gt-center\"><div class=\"gt-line\"><\/div><span>Meio Ambiente<\/span><h1>Coleta de Res\u00edduos<\/h1><\/div>[vc_empty_space height=&#8221;115px&#8221;][\/vc_column][vc_column offset=&#8221;vc_col-lg-1\/5 vc_col-md-1\/5 vc_hidden-sm vc_hidden-xs&#8221;][\/vc_column][\/vc_row][vc_row full_width=&#8221;stretch_row&#8221;][vc_column]<div class=\"gt-slider gt-image-slider\" style=\"height: 60vh;\"><div class=\"swiper-container gt-swiper-slider\" data-gt-direction=\"horizontal\" data-gt-item=\"1\" data-gt-item-space=\"0\" data-gt-effect=\"slide\" data-gt-speed=\"1500\" data-gt-loop=\"true\" data-gt-centered-slides=\"false\" data-gt-free-mode=\"false\" data-gt-lazy-loading=\"true\"><div class=\"swiper-wrapper\"><div class=\"swiper-slide\"><div class=\"gt-img swiper-lazy gt-opacity-effect-true gt-background-position-default gt-background-attachment-default gt-background-size-default gt-background-repeat-default\" data-background=\"https:\/\/www.transreallogistica.com.br\/wp-content\/uploads\/2020\/06\/img_projetos_transreal_05.jpg\"><div class=\"swiper-lazy-preloader\"><\/div><\/div><\/div><\/div><div class=\"gt-slider-controls\"><div class=\"gt-container-full\"><div class=\"gt-slider-button gt-slider-prev\"><svg xmlns=\"http:\/\/www.w3.org\/2000\/svg\" viewBox=\"0 0 24 24\" fill=\"none\" stroke=\"currentColor\" stroke-width=\"2\" stroke-linecap=\"round\" stroke-linejoin=\"round\"><polyline points=\"15 18 9 12 15 6\"><\/polyline><\/svg><\/div><div class=\"gt-slider-button gt-slider-next\"><svg xmlns=\"http:\/\/www.w3.org\/2000\/svg\" viewBox=\"0 0 24 24\" fill=\"none\" stroke=\"currentColor\" stroke-width=\"2\" stroke-linecap=\"round\" stroke-linejoin=\"round\"><polyline points=\"9 18 15 12 9 6\"><\/polyline><\/svg><\/div><\/div><\/div><\/div><\/div>[vc_empty_space height=&#8221;115px&#8221;][\/vc_column][\/vc_row][vc_row][vc_column offset=&#8221;vc_col-lg-2 vc_col-md-2 vc_hidden-sm vc_hidden-xs&#8221;][\/vc_column][vc_column offset=&#8221;vc_col-lg-8 vc_col-md-8 vc_col-xs-12&#8243;][vc_column_text]<\/p>\n<p class=\"p1\" style=\"text-align: center;\">A Trans Real est\u00e1 comprometida com a busca cont\u00ednua da redu\u00e7\u00e3o de situa\u00e7\u00f5es de riscos prejudiciais ao meio ambiente.<\/p>\n<p class=\"p1\" style=\"text-align: center;\">O descarte de res\u00edduos, quando feito de forma incorreta, pode trazer consequ\u00eancias \u00e0 sa\u00fade p\u00fablico e tamb\u00e9m ao planeta, preocupada com isso a Trans Real realiza a coleta de res\u00edduos, como no caso de pneus e baterias.<\/p>\n<p style=\"text-align: center;\">Os pneus que n\u00e3o possuem mais vida \u00fatil para a empresa s\u00e3o destinados para empresas respons\u00e1veis pela destina\u00e7\u00e3o correta, para co-processamento, asfalto de borracha, lamina\u00e7\u00e3o ou artefatos de borracha.<\/p>\n<p style=\"text-align: center;\">A Coleta Seletiva de materiais recicl\u00e1veis tamb\u00e9m faz parte do conjunto de atividades da Trans Real, que visa \u00e0 conscientiza\u00e7\u00e3o dos seus colaboradores a depositarem o lixo de maneira correta nos recipientes. Pontualmente esses res\u00edduos s\u00e3o recolhidos e encaminhados para o tratamento adequado.<\/p>\n<p>[\/vc_column_text][vc_empty_space height=&#8221;80px&#8221;][\/vc_column][vc_column offset=&#8221;vc_col-lg-2 vc_col-md-2 vc_hidden-sm vc_hidden-xs&#8221;][\/vc_column][\/vc_row][vc_row full_width=&#8221;stretch_row_content_no_spaces&#8221; css=&#8221;.vc_custom_1537370052097{margin-bottom: -60px !important;}&#8221;][vc_column]<div class=\"gt-project-bg-grid gt-opacity-effect-true\"><div class=\"gt-container\"><div class=\"gt-project-list gt-style-8 gt-columns gt-column-3\"><div class=\"gt-item gt-col\"><div class=\"gt-content\"><h3 class=\"gt-title\"><a href=\"https:\/\/www.transreallogistica.com.br\/?project=cidadania-corporativa\">Cidadania Corporativa<\/a><\/h3><ul class=\"gt-cat\"><li><a href=\"https:\/\/www.transreallogistica.com.br\/?project-category=pessoas\">Pessoas<\/a><\/li><\/ul><\/div><\/div><div class=\"gt-item gt-col\"><div class=\"gt-content\"><h3 class=\"gt-title\"><a href=\"https:\/\/www.transreallogistica.com.br\/?project=programa-a-vez-e-delas\">Programa A Vez \u00e9 Delas<\/a><\/h3><ul class=\"gt-cat\"><li><a href=\"https:\/\/www.transreallogistica.com.br\/?project-category=pessoas\">Pessoas<\/a><\/li><\/ul><\/div><\/div><div class=\"gt-item gt-col\"><div class=\"gt-content\"><h3 class=\"gt-title\"><a href=\"https:\/\/www.transreallogistica.com.br\/?project=trans-real-sustentavel\">Trans Real Sustent\u00e1vel<\/a><\/h3><ul class=\"gt-cat\"><li><a href=\"https:\/\/www.transreallogistica.com.br\/?project-category=meio-ambiente\">Meio Ambiente<\/a><\/li><\/ul><\/div><\/div><div class=\"gt-item gt-col\"><div class=\"gt-content\"><h3 class=\"gt-title\"><a href=\"https:\/\/www.transreallogistica.com.br\/?project=programa-na-mao-certa\">Programa Na M\u00e3o Certa<\/a><\/h3><ul class=\"gt-cat\"><li><a href=\"https:\/\/www.transreallogistica.com.br\/?project-category=pessoas\">Pessoas<\/a><\/li><\/ul><\/div><\/div><div class=\"gt-item gt-col\"><div class=\"gt-content\"><h3 class=\"gt-title\"><a href=\"https:\/\/www.transreallogistica.com.br\/?project=pgt-programa-de-gestao-de-transportadoras\">PGT \u2013 Programa de Gest\u00e3o de Transportadoras<\/a><\/h3><ul class=\"gt-cat\"><li><a href=\"https:\/\/www.transreallogistica.com.br\/?project-category=pessoas\">Pessoas<\/a><\/li><\/ul><\/div><\/div><div class=\"gt-item gt-col\"><div class=\"gt-content\"><h3 class=\"gt-title\"><a href=\"https:\/\/www.transreallogistica.com.br\/?project=coleta-de-residuos\">Coleta de Res\u00edduos<\/a><\/h3><ul class=\"gt-cat\"><li><a href=\"https:\/\/www.transreallogistica.com.br\/?project-category=meio-ambiente\">Meio Ambiente<\/a><\/li><\/ul><\/div><\/div><div class=\"gt-item gt-col\"><div class=\"gt-content\"><h3 class=\"gt-title\"><a href=\"https:\/\/www.transreallogistica.com.br\/?project=maio-amarelo\">Maio Amarelo<\/a><\/h3><ul class=\"gt-cat\"><li><a href=\"https:\/\/www.transreallogistica.com.br\/?project-category=pessoas\">Pessoas<\/a><\/li><\/ul><\/div><\/div><div class=\"gt-item gt-col\"><div class=\"gt-content\"><h3 class=\"gt-title\"><a href=\"https:\/\/www.transreallogistica.com.br\/?project=treinamentos-e-capacitacao\">Treinamentos e Capacita\u00e7\u00e3o<\/a><\/h3><ul class=\"gt-cat\"><li><a href=\"https:\/\/www.transreallogistica.com.br\/?project-category=pessoas\">Pessoas<\/a><\/li><\/ul><\/div><\/div><\/div><\/div><div class=\"gt-project-img-list\"><div class=\"gt-image gt-active gt-lazy-load\" data-bg=\"https:\/\/www.transreallogistica.com.br\/wp-content\/uploads\/2024\/04\/jovens-colegas-trabalhando-juntos-em-um-cafe2.jpg\"><\/div><div class=\"gt-image gt-lazy-load\" data-bg=\"https:\/\/www.transreallogistica.com.br\/wp-content\/uploads\/2024\/04\/323894801_721208692649468_884665604557267479_n.jpeg\"><\/div><div class=\"gt-image gt-lazy-load\" data-bg=\"https:\/\/www.transreallogistica.com.br\/wp-content\/uploads\/2021\/02\/img_transreal_sustentavel-1920x1200.jpg\"><\/div><div class=\"gt-image gt-lazy-load\" data-bg=\"https:\/\/www.transreallogistica.com.br\/wp-content\/uploads\/2020\/06\/img_projetos_transreal_10-1920x1200.jpg\"><\/div><div class=\"gt-image gt-lazy-load\" data-bg=\"https:\/\/www.transreallogistica.com.br\/wp-content\/uploads\/2020\/06\/img_projetos_transreal_09-1920x1200.jpg\"><\/div><div class=\"gt-image gt-lazy-load\" data-bg=\"https:\/\/www.transreallogistica.com.br\/wp-content\/uploads\/2020\/06\/img_projetos_transreal_05-1920x1200.jpg\"><\/div><div class=\"gt-image gt-lazy-load\" data-bg=\"https:\/\/www.transreallogistica.com.br\/wp-content\/uploads\/2020\/06\/img_projetos_transreal_03-1920x1200.jpg\"><\/div><div class=\"gt-image gt-lazy-load\" data-bg=\"https:\/\/www.transreallogistica.com.br\/wp-content\/uploads\/2020\/06\/img_projetos_transreal_01-1920x1200.jpg\"><\/div><\/div><\/div>[\/vc_column][\/vc_row]<\/p>\n","protected":false},"excerpt":{"rendered":"<p>A Trans Real est\u00e1 comprometida com a busca cont\u00ednua da redu\u00e7\u00e3o de situa\u00e7\u00f5es de riscos prejudiciais ao meio ambiente.<\/p>\n","protected":false},"author":1,"featured_media":3038,"comment_status":"open","ping_status":"closed","template":"","meta":{"footnotes":""},"project-category":[76],"project-location":[],"project-status":[],"project-function":[],"project-client":[],"project-year":[],"class_list":["post-3031","project","type-project","status-publish","has-post-thumbnail","hentry","project-category-meio-ambiente"],"_links":{"self":[{"href":"https:\/\/www.transreallogistica.com.br\/index.php?rest_route=\/wp\/v2\/project\/3031","targetHints":{"allow":["GET"]}}],"collection":[{"href":"https:\/\/www.transreallogistica.com.br\/index.php?rest_route=\/wp\/v2\/project"}],"about":[{"href":"https:\/\/www.transreallogistica.com.br\/index.php?rest_route=\/wp\/v2\/types\/project"}],"author":[{"embeddable":true,"href":"https:\/\/www.transreallogistica.com.br\/index.php?rest_route=\/wp\/v2\/users\/1"}],"replies":[{"embeddable":true,"href":"https:\/\/www.transreallogistica.com.br\/index.php?rest_route=%2Fwp%2Fv2%2Fcomments&post=3031"}],"version-history":[{"count":3,"href":"https:\/\/www.transreallogistica.com.br\/index.php?rest_route=\/wp\/v2\/project\/3031\/revisions"}],"predecessor-version":[{"id":3088,"href":"https:\/\/www.transreallogistica.com.br\/index.php?rest_route=\/wp\/v2\/project\/3031\/revisions\/3088"}],"wp:featuredmedia":[{"embeddable":true,"href":"https:\/\/www.transreallogistica.com.br\/index.php?rest_route=\/wp\/v2\/media\/3038"}],"wp:attachment":[{"href":"https:\/\/www.transreallogistica.com.br\/index.php?rest_route=%2Fwp%2Fv2%2Fmedia&parent=3031"}],"wp:term":[{"taxonomy":"project-category","embeddable":true,"href":"https:\/\/www.transreallogistica.com.br\/index.php?rest_route=%2Fwp%2Fv2%2Fproject-category&post=3031"},{"taxonomy":"project-location","embeddable":true,"href":"https:\/\/www.transreallogistica.com.br\/index.php?rest_route=%2Fwp%2Fv2%2Fproject-location&post=3031"},{"taxonomy":"project-status","embeddable":true,"href":"https:\/\/www.transreallogistica.com.br\/index.php?rest_route=%2Fwp%2Fv2%2Fproject-status&post=3031"},{"taxonomy":"project-function","embeddable":true,"href":"https:\/\/www.transreallogistica.com.br\/index.php?rest_route=%2Fwp%2Fv2%2Fproject-function&post=3031"},{"taxonomy":"project-client","embeddable":true,"href":"https:\/\/www.transreallogistica.com.br\/index.php?rest_route=%2Fwp%2Fv2%2Fproject-client&post=3031"},{"taxonomy":"project-year","embeddable":true,"href":"https:\/\/www.transreallogistica.com.br\/index.php?rest_route=%2Fwp%2Fv2%2Fproject-year&post=3031"}],"curies":[{"name":"wp","href":"https:\/\/api.w.org\/{rel}","templated":true}]}}