{"id":3032,"date":"2020-06-09T22:12:00","date_gmt":"2020-06-10T01:12:00","guid":{"rendered":"http:\/\/187.45.187.42\/~transreal\/?post_type=project&#038;p=3032"},"modified":"2024-05-24T19:08:12","modified_gmt":"2024-05-24T22:08:12","slug":"maio-amarelo","status":"publish","type":"project","link":"https:\/\/www.transreallogistica.com.br\/?project=maio-amarelo","title":{"rendered":"Maio Amarelo"},"content":{"rendered":"<p>[vc_row][vc_column offset=&#8221;vc_col-lg-1\/5 vc_col-md-1\/5 vc_hidden-sm vc_hidden-xs&#8221;][\/vc_column][vc_column offset=&#8221;vc_col-lg-3\/5 vc_col-md-3\/5 vc_col-xs-12&#8243;][vc_empty_space height=&#8221;230px&#8221;]<div class=\"gt-page-heading gt-dark gt-center\"><div class=\"gt-line\"><\/div><span>Maio<\/span><h1>Amarelo<\/h1><\/div>[vc_empty_space height=&#8221;115px&#8221;][\/vc_column][vc_column offset=&#8221;vc_col-lg-1\/5 vc_col-md-1\/5 vc_hidden-sm vc_hidden-xs&#8221;][\/vc_column][\/vc_row][vc_row full_width=&#8221;stretch_row&#8221;][vc_column]<div class=\"gt-slider gt-image-slider\" style=\"height: 60vh;\"><div class=\"swiper-container gt-swiper-slider\" data-gt-direction=\"horizontal\" data-gt-item=\"1\" data-gt-item-space=\"0\" data-gt-effect=\"slide\" data-gt-speed=\"1500\" data-gt-loop=\"true\" data-gt-centered-slides=\"false\" data-gt-free-mode=\"false\" data-gt-lazy-loading=\"true\"><div class=\"swiper-wrapper\"><div class=\"swiper-slide\"><div class=\"gt-img swiper-lazy gt-opacity-effect-true gt-background-position-default gt-background-attachment-default gt-background-size-default gt-background-repeat-default\" data-background=\"https:\/\/www.transreallogistica.com.br\/wp-content\/uploads\/2020\/06\/img_projetos_transreal_04.jpg\"><div class=\"swiper-lazy-preloader\"><\/div><\/div><\/div><div class=\"swiper-slide\"><div class=\"gt-img swiper-lazy gt-opacity-effect-true gt-background-position-default gt-background-attachment-default gt-background-size-default gt-background-repeat-default\" data-background=\"https:\/\/www.transreallogistica.com.br\/wp-content\/uploads\/2020\/06\/img_projetos_transreal_03.jpg\"><div class=\"swiper-lazy-preloader\"><\/div><\/div><\/div><\/div><div class=\"gt-slider-controls\"><div class=\"gt-container-full\"><div class=\"gt-slider-button gt-slider-prev\"><svg xmlns=\"http:\/\/www.w3.org\/2000\/svg\" viewBox=\"0 0 24 24\" fill=\"none\" stroke=\"currentColor\" stroke-width=\"2\" stroke-linecap=\"round\" stroke-linejoin=\"round\"><polyline points=\"15 18 9 12 15 6\"><\/polyline><\/svg><\/div><div class=\"gt-slider-button gt-slider-next\"><svg xmlns=\"http:\/\/www.w3.org\/2000\/svg\" viewBox=\"0 0 24 24\" fill=\"none\" stroke=\"currentColor\" stroke-width=\"2\" stroke-linecap=\"round\" stroke-linejoin=\"round\"><polyline points=\"9 18 15 12 9 6\"><\/polyline><\/svg><\/div><\/div><\/div><\/div><\/div>[vc_empty_space height=&#8221;115px&#8221;][\/vc_column][\/vc_row][vc_row][vc_column offset=&#8221;vc_col-lg-2 vc_col-md-2 vc_hidden-sm vc_hidden-xs&#8221;][\/vc_column][vc_column offset=&#8221;vc_col-lg-8 vc_col-md-8 vc_col-xs-12&#8243;][vc_column_text]<\/p>\n<p class=\"p1\" style=\"text-align: center;\">O movimento maio amarelo \u00e9 um movimento internacional de conscientiza\u00e7\u00e3o para a redu\u00e7\u00e3o de acidentes de tr\u00e2nsito e tem a proposta de chamar a aten\u00e7\u00e3o da sociedade para o alto \u00edndice de mortes e feridos no tr\u00e2nsito em todo o mundo. A Trans Real apoia essa causa e todo m\u00eas de maio faz uma forte campanha internamente, divulgando materiais e treinamentos entre os motoristas.<\/p>\n<p>[\/vc_column_text][vc_empty_space height=&#8221;80px&#8221;][\/vc_column][vc_column offset=&#8221;vc_col-lg-2 vc_col-md-2 vc_hidden-sm vc_hidden-xs&#8221;][\/vc_column][\/vc_row][vc_row full_width=&#8221;stretch_row&#8221;][vc_column]<div class=\"gt-image-gallery\"><div class=\"gt-columns gt-column-3 gt-column-space-5\"><div class=\"gt-col\"><div class=\"gt-photo\"><a data-fancybox=\"gallery-1515\" href=\"https:\/\/www.transreallogistica.com.br\/wp-content\/uploads\/2020\/06\/ima-transreal-maio-amarelo-03.jpg\" data-srcset=\"https:\/\/www.transreallogistica.com.br\/wp-content\/uploads\/2020\/06\/ima-transreal-maio-amarelo-03.jpg 1200w, https:\/\/www.transreallogistica.com.br\/wp-content\/uploads\/2020\/06\/ima-transreal-maio-amarelo-03-257x300.jpg 257w, https:\/\/www.transreallogistica.com.br\/wp-content\/uploads\/2020\/06\/ima-transreal-maio-amarelo-03-878x1024.jpg 878w, https:\/\/www.transreallogistica.com.br\/wp-content\/uploads\/2020\/06\/ima-transreal-maio-amarelo-03-768x896.jpg 768w\" data-caption=\"\"><\/a><img width=\"650\" height=\"650\" class=\"attachment-luxe-thumbnail-2 size-luxe-thumbnail-2 gt-lazy-load\" alt=\"\" data-src=\"https:\/\/www.transreallogistica.com.br\/wp-content\/uploads\/2020\/06\/ima-transreal-maio-amarelo-03-650x650.jpg\" data-srcset=\"https:\/\/www.transreallogistica.com.br\/wp-content\/uploads\/2020\/06\/ima-transreal-maio-amarelo-03-650x650.jpg 650w, https:\/\/www.transreallogistica.com.br\/wp-content\/uploads\/2020\/06\/ima-transreal-maio-amarelo-03-150x150.jpg 150w, https:\/\/www.transreallogistica.com.br\/wp-content\/uploads\/2020\/06\/ima-transreal-maio-amarelo-03-555x555.jpg 555w, https:\/\/www.transreallogistica.com.br\/wp-content\/uploads\/2020\/06\/ima-transreal-maio-amarelo-03-540x540.jpg 540w, https:\/\/www.transreallogistica.com.br\/wp-content\/uploads\/2020\/06\/ima-transreal-maio-amarelo-03-800x800.jpg 800w, https:\/\/www.transreallogistica.com.br\/wp-content\/uploads\/2020\/06\/ima-transreal-maio-amarelo-03-750x750.jpg 750w, https:\/\/www.transreallogistica.com.br\/wp-content\/uploads\/2020\/06\/ima-transreal-maio-amarelo-03-1200x1200.jpg 1200w, https:\/\/www.transreallogistica.com.br\/wp-content\/uploads\/2020\/06\/ima-transreal-maio-amarelo-03-65x65.jpg 65w, https:\/\/www.transreallogistica.com.br\/wp-content\/uploads\/2020\/06\/ima-transreal-maio-amarelo-03-350x350.jpg 350w\" data-sizes=\"(max-width: 650px) 100vw, 650px\" \/><\/div><\/div><div class=\"gt-col\"><div class=\"gt-photo\"><a data-fancybox=\"gallery-1515\" href=\"https:\/\/www.transreallogistica.com.br\/wp-content\/uploads\/2020\/06\/ima-transreal-maio-amarelo-02.jpg\" data-srcset=\"https:\/\/www.transreallogistica.com.br\/wp-content\/uploads\/2020\/06\/ima-transreal-maio-amarelo-02.jpg 1200w, https:\/\/www.transreallogistica.com.br\/wp-content\/uploads\/2020\/06\/ima-transreal-maio-amarelo-02-257x300.jpg 257w, https:\/\/www.transreallogistica.com.br\/wp-content\/uploads\/2020\/06\/ima-transreal-maio-amarelo-02-878x1024.jpg 878w, https:\/\/www.transreallogistica.com.br\/wp-content\/uploads\/2020\/06\/ima-transreal-maio-amarelo-02-768x896.jpg 768w\" data-caption=\"\"><\/a><img width=\"650\" height=\"650\" class=\"attachment-luxe-thumbnail-2 size-luxe-thumbnail-2 gt-lazy-load\" alt=\"\" data-src=\"https:\/\/www.transreallogistica.com.br\/wp-content\/uploads\/2020\/06\/ima-transreal-maio-amarelo-02-650x650.jpg\" data-srcset=\"https:\/\/www.transreallogistica.com.br\/wp-content\/uploads\/2020\/06\/ima-transreal-maio-amarelo-02-650x650.jpg 650w, https:\/\/www.transreallogistica.com.br\/wp-content\/uploads\/2020\/06\/ima-transreal-maio-amarelo-02-150x150.jpg 150w, https:\/\/www.transreallogistica.com.br\/wp-content\/uploads\/2020\/06\/ima-transreal-maio-amarelo-02-555x555.jpg 555w, https:\/\/www.transreallogistica.com.br\/wp-content\/uploads\/2020\/06\/ima-transreal-maio-amarelo-02-540x540.jpg 540w, https:\/\/www.transreallogistica.com.br\/wp-content\/uploads\/2020\/06\/ima-transreal-maio-amarelo-02-800x800.jpg 800w, https:\/\/www.transreallogistica.com.br\/wp-content\/uploads\/2020\/06\/ima-transreal-maio-amarelo-02-750x750.jpg 750w, https:\/\/www.transreallogistica.com.br\/wp-content\/uploads\/2020\/06\/ima-transreal-maio-amarelo-02-1200x1200.jpg 1200w, https:\/\/www.transreallogistica.com.br\/wp-content\/uploads\/2020\/06\/ima-transreal-maio-amarelo-02-65x65.jpg 65w, https:\/\/www.transreallogistica.com.br\/wp-content\/uploads\/2020\/06\/ima-transreal-maio-amarelo-02-350x350.jpg 350w\" data-sizes=\"(max-width: 650px) 100vw, 650px\" \/><\/div><\/div><div class=\"gt-col\"><div class=\"gt-photo\"><a data-fancybox=\"gallery-1515\" href=\"https:\/\/www.transreallogistica.com.br\/wp-content\/uploads\/2020\/06\/ima-transreal-maio-amarelo-01.jpg\" data-srcset=\"https:\/\/www.transreallogistica.com.br\/wp-content\/uploads\/2020\/06\/ima-transreal-maio-amarelo-01.jpg 1200w, https:\/\/www.transreallogistica.com.br\/wp-content\/uploads\/2020\/06\/ima-transreal-maio-amarelo-01-257x300.jpg 257w, https:\/\/www.transreallogistica.com.br\/wp-content\/uploads\/2020\/06\/ima-transreal-maio-amarelo-01-878x1024.jpg 878w, https:\/\/www.transreallogistica.com.br\/wp-content\/uploads\/2020\/06\/ima-transreal-maio-amarelo-01-768x896.jpg 768w\" data-caption=\"\"><\/a><img width=\"650\" height=\"650\" class=\"attachment-luxe-thumbnail-2 size-luxe-thumbnail-2 gt-lazy-load\" alt=\"\" data-src=\"https:\/\/www.transreallogistica.com.br\/wp-content\/uploads\/2020\/06\/ima-transreal-maio-amarelo-01-650x650.jpg\" data-srcset=\"https:\/\/www.transreallogistica.com.br\/wp-content\/uploads\/2020\/06\/ima-transreal-maio-amarelo-01-650x650.jpg 650w, https:\/\/www.transreallogistica.com.br\/wp-content\/uploads\/2020\/06\/ima-transreal-maio-amarelo-01-150x150.jpg 150w, https:\/\/www.transreallogistica.com.br\/wp-content\/uploads\/2020\/06\/ima-transreal-maio-amarelo-01-555x555.jpg 555w, https:\/\/www.transreallogistica.com.br\/wp-content\/uploads\/2020\/06\/ima-transreal-maio-amarelo-01-540x540.jpg 540w, https:\/\/www.transreallogistica.com.br\/wp-content\/uploads\/2020\/06\/ima-transreal-maio-amarelo-01-800x800.jpg 800w, https:\/\/www.transreallogistica.com.br\/wp-content\/uploads\/2020\/06\/ima-transreal-maio-amarelo-01-750x750.jpg 750w, https:\/\/www.transreallogistica.com.br\/wp-content\/uploads\/2020\/06\/ima-transreal-maio-amarelo-01-1200x1200.jpg 1200w, https:\/\/www.transreallogistica.com.br\/wp-content\/uploads\/2020\/06\/ima-transreal-maio-amarelo-01-65x65.jpg 65w, https:\/\/www.transreallogistica.com.br\/wp-content\/uploads\/2020\/06\/ima-transreal-maio-amarelo-01-350x350.jpg 350w\" data-sizes=\"(max-width: 650px) 100vw, 650px\" \/><\/div><\/div><\/div><\/div>[vc_empty_space height=&#8221;80px&#8221;][\/vc_column][\/vc_row][vc_row full_width=&#8221;stretch_row_content_no_spaces&#8221; css=&#8221;.vc_custom_1537370052097{margin-bottom: -60px !important;}&#8221;][vc_column]<div class=\"gt-project-bg-grid gt-opacity-effect-true\"><div class=\"gt-container\"><div class=\"gt-project-list gt-style-8 gt-columns gt-column-3\"><div class=\"gt-item gt-col\"><div class=\"gt-content\"><h3 class=\"gt-title\"><a href=\"https:\/\/www.transreallogistica.com.br\/?project=cidadania-corporativa\">Cidadania Corporativa<\/a><\/h3><ul class=\"gt-cat\"><li><a href=\"https:\/\/www.transreallogistica.com.br\/?project-category=pessoas\">Pessoas<\/a><\/li><\/ul><\/div><\/div><div class=\"gt-item gt-col\"><div class=\"gt-content\"><h3 class=\"gt-title\"><a href=\"https:\/\/www.transreallogistica.com.br\/?project=programa-a-vez-e-delas\">Programa A Vez \u00e9 Delas<\/a><\/h3><ul class=\"gt-cat\"><li><a href=\"https:\/\/www.transreallogistica.com.br\/?project-category=pessoas\">Pessoas<\/a><\/li><\/ul><\/div><\/div><div class=\"gt-item gt-col\"><div class=\"gt-content\"><h3 class=\"gt-title\"><a href=\"https:\/\/www.transreallogistica.com.br\/?project=trans-real-sustentavel\">Trans Real Sustent\u00e1vel<\/a><\/h3><ul class=\"gt-cat\"><li><a href=\"https:\/\/www.transreallogistica.com.br\/?project-category=meio-ambiente\">Meio Ambiente<\/a><\/li><\/ul><\/div><\/div><div class=\"gt-item gt-col\"><div class=\"gt-content\"><h3 class=\"gt-title\"><a href=\"https:\/\/www.transreallogistica.com.br\/?project=programa-na-mao-certa\">Programa Na M\u00e3o Certa<\/a><\/h3><ul class=\"gt-cat\"><li><a href=\"https:\/\/www.transreallogistica.com.br\/?project-category=pessoas\">Pessoas<\/a><\/li><\/ul><\/div><\/div><div class=\"gt-item gt-col\"><div class=\"gt-content\"><h3 class=\"gt-title\"><a href=\"https:\/\/www.transreallogistica.com.br\/?project=pgt-programa-de-gestao-de-transportadoras\">PGT \u2013 Programa de Gest\u00e3o de Transportadoras<\/a><\/h3><ul class=\"gt-cat\"><li><a href=\"https:\/\/www.transreallogistica.com.br\/?project-category=pessoas\">Pessoas<\/a><\/li><\/ul><\/div><\/div><div class=\"gt-item gt-col\"><div class=\"gt-content\"><h3 class=\"gt-title\"><a href=\"https:\/\/www.transreallogistica.com.br\/?project=coleta-de-residuos\">Coleta de Res\u00edduos<\/a><\/h3><ul class=\"gt-cat\"><li><a href=\"https:\/\/www.transreallogistica.com.br\/?project-category=meio-ambiente\">Meio Ambiente<\/a><\/li><\/ul><\/div><\/div><div class=\"gt-item gt-col\"><div class=\"gt-content\"><h3 class=\"gt-title\"><a href=\"https:\/\/www.transreallogistica.com.br\/?project=maio-amarelo\">Maio Amarelo<\/a><\/h3><ul class=\"gt-cat\"><li><a href=\"https:\/\/www.transreallogistica.com.br\/?project-category=pessoas\">Pessoas<\/a><\/li><\/ul><\/div><\/div><div class=\"gt-item gt-col\"><div class=\"gt-content\"><h3 class=\"gt-title\"><a href=\"https:\/\/www.transreallogistica.com.br\/?project=treinamentos-e-capacitacao\">Treinamentos e Capacita\u00e7\u00e3o<\/a><\/h3><ul class=\"gt-cat\"><li><a href=\"https:\/\/www.transreallogistica.com.br\/?project-category=pessoas\">Pessoas<\/a><\/li><\/ul><\/div><\/div><\/div><\/div><div class=\"gt-project-img-list\"><div class=\"gt-image gt-active gt-lazy-load\" data-bg=\"https:\/\/www.transreallogistica.com.br\/wp-content\/uploads\/2024\/04\/jovens-colegas-trabalhando-juntos-em-um-cafe2.jpg\"><\/div><div class=\"gt-image gt-lazy-load\" data-bg=\"https:\/\/www.transreallogistica.com.br\/wp-content\/uploads\/2024\/04\/323894801_721208692649468_884665604557267479_n.jpeg\"><\/div><div class=\"gt-image gt-lazy-load\" data-bg=\"https:\/\/www.transreallogistica.com.br\/wp-content\/uploads\/2021\/02\/img_transreal_sustentavel-1920x1200.jpg\"><\/div><div class=\"gt-image gt-lazy-load\" data-bg=\"https:\/\/www.transreallogistica.com.br\/wp-content\/uploads\/2020\/06\/img_projetos_transreal_10-1920x1200.jpg\"><\/div><div class=\"gt-image gt-lazy-load\" data-bg=\"https:\/\/www.transreallogistica.com.br\/wp-content\/uploads\/2020\/06\/img_projetos_transreal_09-1920x1200.jpg\"><\/div><div class=\"gt-image gt-lazy-load\" data-bg=\"https:\/\/www.transreallogistica.com.br\/wp-content\/uploads\/2020\/06\/img_projetos_transreal_05-1920x1200.jpg\"><\/div><div class=\"gt-image gt-lazy-load\" data-bg=\"https:\/\/www.transreallogistica.com.br\/wp-content\/uploads\/2020\/06\/img_projetos_transreal_03-1920x1200.jpg\"><\/div><div class=\"gt-image gt-lazy-load\" data-bg=\"https:\/\/www.transreallogistica.com.br\/wp-content\/uploads\/2020\/06\/img_projetos_transreal_01-1920x1200.jpg\"><\/div><\/div><\/div>[\/vc_column][\/vc_row]<\/p>\n","protected":false},"excerpt":{"rendered":"<p>Cursos, treinamentos e palestras com o objetivo de promover uma capacidade segura, prevenir acidentes e doen\u00e7as ocupacionais, respeitando normas regulamentadas.<\/p>\n","protected":false},"author":1,"featured_media":3034,"comment_status":"open","ping_status":"closed","template":"","meta":{"footnotes":""},"project-category":[75],"project-location":[],"project-status":[],"project-function":[],"project-client":[],"project-year":[],"class_list":["post-3032","project","type-project","status-publish","has-post-thumbnail","hentry","project-category-pessoas"],"_links":{"self":[{"href":"https:\/\/www.transreallogistica.com.br\/index.php?rest_route=\/wp\/v2\/project\/3032","targetHints":{"allow":["GET"]}}],"collection":[{"href":"https:\/\/www.transreallogistica.com.br\/index.php?rest_route=\/wp\/v2\/project"}],"about":[{"href":"https:\/\/www.transreallogistica.com.br\/index.php?rest_route=\/wp\/v2\/types\/project"}],"author":[{"embeddable":true,"href":"https:\/\/www.transreallogistica.com.br\/index.php?rest_route=\/wp\/v2\/users\/1"}],"replies":[{"embeddable":true,"href":"https:\/\/www.transreallogistica.com.br\/index.php?rest_route=%2Fwp%2Fv2%2Fcomments&post=3032"}],"version-history":[{"count":9,"href":"https:\/\/www.transreallogistica.com.br\/index.php?rest_route=\/wp\/v2\/project\/3032\/revisions"}],"predecessor-version":[{"id":3414,"href":"https:\/\/www.transreallogistica.com.br\/index.php?rest_route=\/wp\/v2\/project\/3032\/revisions\/3414"}],"wp:featuredmedia":[{"embeddable":true,"href":"https:\/\/www.transreallogistica.com.br\/index.php?rest_route=\/wp\/v2\/media\/3034"}],"wp:attachment":[{"href":"https:\/\/www.transreallogistica.com.br\/index.php?rest_route=%2Fwp%2Fv2%2Fmedia&parent=3032"}],"wp:term":[{"taxonomy":"project-category","embeddable":true,"href":"https:\/\/www.transreallogistica.com.br\/index.php?rest_route=%2Fwp%2Fv2%2Fproject-category&post=3032"},{"taxonomy":"project-location","embeddable":true,"href":"https:\/\/www.transreallogistica.com.br\/index.php?rest_route=%2Fwp%2Fv2%2Fproject-location&post=3032"},{"taxonomy":"project-status","embeddable":true,"href":"https:\/\/www.transreallogistica.com.br\/index.php?rest_route=%2Fwp%2Fv2%2Fproject-status&post=3032"},{"taxonomy":"project-function","embeddable":true,"href":"https:\/\/www.transreallogistica.com.br\/index.php?rest_route=%2Fwp%2Fv2%2Fproject-function&post=3032"},{"taxonomy":"project-client","embeddable":true,"href":"https:\/\/www.transreallogistica.com.br\/index.php?rest_route=%2Fwp%2Fv2%2Fproject-client&post=3032"},{"taxonomy":"project-year","embeddable":true,"href":"https:\/\/www.transreallogistica.com.br\/index.php?rest_route=%2Fwp%2Fv2%2Fproject-year&post=3032"}],"curies":[{"name":"wp","href":"https:\/\/api.w.org\/{rel}","templated":true}]}}